{"id":18,"date":"2021-07-28T16:37:59","date_gmt":"2021-07-28T16:37:59","guid":{"rendered":"https:\/\/carmelites.net\/?page_id=18"},"modified":"2026-03-04T11:21:16","modified_gmt":"2026-03-04T17:21:16","slug":"ministries","status":"publish","type":"page","link":"https:\/\/carmelites.net\/zh\/ministries\/","title":{"rendered":"\u4e8b\u5de5"},"content":{"rendered":"<div data-elementor-type=\"wp-page\" data-elementor-id=\"18\" class=\"elementor elementor-18\" data-elementor-post-type=\"page\">\n\t\t\t\t<div data-particle_enable=\"false\" data-particle-mobile-disabled=\"false\" class=\"elementor-element elementor-element-e98380c e-flex e-con-boxed e-con e-parent\" data-id=\"e98380c\" data-element_type=\"container\" data-e-type=\"container\">\n\t\t\t\t\t<div class=\"e-con-inner\">\n\t\t\t\t<div class=\"elementor-element elementor-element-aeafa0e elementor-widget elementor-widget-heading\" data-id=\"aeafa0e\" data-element_type=\"widget\" data-e-type=\"widget\" data-widget_type=\"heading.default\">\n\t\t\t\t<div class=\"elementor-widget-container\">\n\t\t\t\t\t<h2 class=\"elementor-heading-title elementor-size-default\">\u4e8b\u5de5<\/h2>\t\t\t\t<\/div>\n\t\t\t\t<\/div>\n\t\t\t\t<div class=\"elementor-element elementor-element-6199053 elementor-widget elementor-widget-text-editor\" data-id=\"6199053\" data-element_type=\"widget\" data-e-type=\"widget\" data-widget_type=\"text-editor.default\">\n\t\t\t\t<div class=\"elementor-widget-container\">\n\t\t\t\t\t\t\t\t\t<p style=\"text-align: center;\">\u5723\u6bcd\u8fdb\u6bbf\u6d3e\u4fee\u58eb\u5728\u7f8e\u56fd\u3001\u52a0\u62ff\u5927\u3001\u79d8\u9c81\u3001\u58a8\u897f\u54e5\u3001\u8428\u5c14\u74e6\u591a\u548c\u6d2a\u90fd\u62c9\u65af\u8fd9\u56db\u4e2a\u7f8e\u6d32\u56fd\u5bb6\u7684\u4e8c\u5341\u4e2a\u5802\u533a\u3001\u516b\u6240\u4e2d\u5b66\u548c\u4e09\u4e2a\u9759\u4fee\u6240\u670d\u52a1\u3002<\/p><p>\u4f7f\u7528 Ctrl\/Cmd F \u67e5\u627e\uff08\u9002\u7528\u4e8e\u4efb\u4f55\u684c\u9762\u6d4f\u89c8\u5668\uff09\u3002\u5728\u667a\u80fd\u624b\u673a\u4e0a\u4f7f\u7528\"... \"\u548c \"\u5728\u9875\u9762\u4e2d\u67e5\u627e\"\u3002\u00a0<\/p>\t\t\t\t\t\t\t\t<\/div>\n\t\t\t\t<\/div>\n\t\t\t\t<div class=\"elementor-element elementor-element-cb5f96e elementor-grid-3 elementor-grid-tablet-2 elementor-grid-mobile-1 elementor-widget elementor-widget-portfolio\" data-id=\"cb5f96e\" data-element_type=\"widget\" data-e-type=\"widget\" data-settings=\"{&quot;row_gap&quot;:{&quot;unit&quot;:&quot;px&quot;,&quot;size&quot;:20,&quot;sizes&quot;:[]},&quot;columns&quot;:&quot;3&quot;,&quot;columns_tablet&quot;:&quot;2&quot;,&quot;columns_mobile&quot;:&quot;1&quot;,&quot;item_ratio&quot;:{&quot;unit&quot;:&quot;px&quot;,&quot;size&quot;:0.66,&quot;sizes&quot;:[]},&quot;item_gap&quot;:{&quot;unit&quot;:&quot;px&quot;,&quot;size&quot;:&quot;&quot;,&quot;sizes&quot;:[]}}\" data-widget_type=\"portfolio.default\">\n\t\t\t\t<div class=\"elementor-widget-container\">\n\t\t\t\t\t\t\t<ul class=\"elementor-portfolio__filters\">\n\t\t\t<li class=\"elementor-portfolio__filter elementor-active\" tabindex=\"0\" data-filter=\"__all\">\u5168\u90e8<\/li>\n\t\t\t\t\t\t\t<li class=\"elementor-portfolio__filter\" tabindex=\"0\" data-filter=\"14\">a.\u4e9a\u5229\u6851\u90a3\u5dde<\/li>\n\t\t\t\t\t\t\t<li class=\"elementor-portfolio__filter\" tabindex=\"0\" data-filter=\"15\">b.\u52a0\u5229\u798f\u5c3c\u4e9a\u5dde<\/li>\n\t\t\t\t\t\t\t<li class=\"elementor-portfolio__filter\" tabindex=\"0\" data-filter=\"16\">c.\u4f5b\u7f57\u91cc\u8fbe\u5dde<\/li>\n\t\t\t\t\t\t\t<li class=\"elementor-portfolio__filter\" tabindex=\"0\" data-filter=\"10\">d.\u4f0a\u5229\u8bfa\u4f0a\u5dde<\/li>\n\t\t\t\t\t\t\t<li class=\"elementor-portfolio__filter\" tabindex=\"0\" data-filter=\"20\">e.\u582a\u8428\u65af\u5dde<\/li>\n\t\t\t\t\t\t\t<li class=\"elementor-portfolio__filter\" tabindex=\"0\" data-filter=\"19\">f.\u65b0\u6cfd\u897f\u5dde<\/li>\n\t\t\t\t\t\t\t<li class=\"elementor-portfolio__filter\" tabindex=\"0\" data-filter=\"13\">h.\u534e\u76db\u987f\u7279\u533a<\/li>\n\t\t\t\t\t\t\t<li class=\"elementor-portfolio__filter\" tabindex=\"0\" data-filter=\"18\">i.\u52a0\u62ff\u5927<\/li>\n\t\t\t\t\t\t\t<li class=\"elementor-portfolio__filter\" tabindex=\"0\" data-filter=\"21\">j.\u8428\u5c14\u74e6\u591a<\/li>\n\t\t\t\t\t\t\t<li class=\"elementor-portfolio__filter\" tabindex=\"0\" data-filter=\"22\">k.\u6d2a\u90fd\u62c9\u65af<\/li>\n\t\t\t\t\t\t\t<li class=\"elementor-portfolio__filter\" tabindex=\"0\" data-filter=\"23\">l.\u58a8\u897f\u54e5<\/li>\n\t\t\t\t\t\t\t<li class=\"elementor-portfolio__filter\" tabindex=\"0\" data-filter=\"24\">m.\u79d8\u9c81<\/li>\n\t\t\t\t\t\t\t<li class=\"elementor-portfolio__filter\" tabindex=\"0\" data-filter=\"11\">n.\u7701<\/li>\n\t\t\t\t\t\t\t<li class=\"elementor-portfolio__filter\" tabindex=\"0\" data-filter=\"25\">o.\u8d44\u6e90<\/li>\n\t\t\t\t\t\t\t<li class=\"elementor-portfolio__filter\" tabindex=\"0\" data-filter=\"12\">p.\u5b66\u6821<\/li>\n\t\t\t\t\t\t\t<li class=\"elementor-portfolio__filter\" tabindex=\"0\" data-filter=\"33\">q.\u90e8\u59d4<\/li>\n\t\t\t\t\t<\/ul>\n\t\t\t\t<div class=\"elementor-portfolio elementor-grid elementor-posts-container\" role=\"list\">\n\t\t\t\t<article class=\"elementor-portfolio-item elementor-post elementor-filter-20 elementor-filter-33 post-2904 post type-post status-publish format-standard has-post-thumbnail hentry category-kansas category-ministries\" role=\"listitem\">\n\t\t\t<a class=\"elementor-post__thumbnail__link\" href=\"https:\/\/carmelites.net\/zh\/ministries\/kansas\/immaculate-conception-church-leavenworth-ks\/\">\n\t\t\t\t<div class=\"elementor-portfolio-item__img elementor-post__thumbnail\">\n\t\t\t<img loading=\"lazy\" decoding=\"async\" width=\"300\" height=\"200\" src=\"https:\/\/carmelites.net\/wp-content\/uploads\/2021\/07\/immac-conc-1-300x200.jpg\" class=\"attachment-medium size-medium wp-image-111\" alt=\"\" srcset=\"https:\/\/carmelites.net\/wp-content\/uploads\/2021\/07\/immac-conc-1-300x200.jpg 300w, https:\/\/carmelites.net\/wp-content\/uploads\/2021\/07\/immac-conc-1-200x133.jpg 200w, https:\/\/carmelites.net\/wp-content\/uploads\/2021\/07\/immac-conc-1-400x267.jpg 400w, https:\/\/carmelites.net\/wp-content\/uploads\/2021\/07\/immac-conc-1.jpg 432w\" sizes=\"auto, (max-width: 300px) 100vw, 300px\" \/>\t\t<\/div>\n\t\t\t\t<div class=\"elementor-portfolio-item__overlay\">\n\t\t\t\t<h3 class=\"elementor-portfolio-item__title\">\n\t\t\u5723\u6bcd\u65e0\u539f\u7f6a\u6559\u5802\uff0c\u80af\u8428\u65af\u5dde\u83b1\u6587\u6c83\u601d\t\t<\/h3>\n\t\t\t\t<\/div>\n\t\t\t\t<\/a>\n\t\t<\/article>\n\t\t\t\t<article class=\"elementor-portfolio-item elementor-post elementor-filter-24 elementor-filter-12 elementor-filter-33 post-9791 post type-post status-publish format-standard has-post-thumbnail hentry category-peru category-school category-ministries\" role=\"listitem\">\n\t\t\t<a class=\"elementor-post__thumbnail__link\" href=\"https:\/\/carmelites.net\/zh\/ministries\/school\/colegio-nuestro-salvador-jose-galvez\/\">\n\t\t\t\t<div class=\"elementor-portfolio-item__img elementor-post__thumbnail\">\n\t\t\t<img loading=\"lazy\" decoding=\"async\" width=\"300\" height=\"200\" src=\"https:\/\/carmelites.net\/wp-content\/uploads\/2021\/07\/colegio-josegalvez-300x200.jpg\" class=\"attachment-medium size-medium wp-image-146\" alt=\"\" srcset=\"https:\/\/carmelites.net\/wp-content\/uploads\/2021\/07\/colegio-josegalvez-300x200.jpg 300w, https:\/\/carmelites.net\/wp-content\/uploads\/2021\/07\/colegio-josegalvez-200x133.jpg 200w, https:\/\/carmelites.net\/wp-content\/uploads\/2021\/07\/colegio-josegalvez-400x267.jpg 400w, https:\/\/carmelites.net\/wp-content\/uploads\/2021\/07\/colegio-josegalvez.jpg 432w\" sizes=\"auto, (max-width: 300px) 100vw, 300px\" \/>\t\t<\/div>\n\t\t\t\t<div class=\"elementor-portfolio-item__overlay\">\n\t\t\t\t<h3 class=\"elementor-portfolio-item__title\">\n\t\t\u79d8\u9c81\uff0c\u4f55\u585e-\u52a0\u5c14\u97e6\u65af\uff0c\u8428\u5c14\u74e6\u591a\u65b0\u5b66\u9662\t\t<\/h3>\n\t\t\t\t<\/div>\n\t\t\t\t<\/a>\n\t\t<\/article>\n\t\t\t\t<article class=\"elementor-portfolio-item elementor-post elementor-filter-18 elementor-filter-33 post-2865 post type-post status-publish format-standard has-post-thumbnail hentry category-canada category-ministries\" role=\"listitem\">\n\t\t\t<a class=\"elementor-post__thumbnail__link\" href=\"https:\/\/carmelites.net\/zh\/ministries\/canada\/our-lady-of-peace-niagara-falls\/\">\n\t\t\t\t<div class=\"elementor-portfolio-item__img elementor-post__thumbnail\">\n\t\t\t<img loading=\"lazy\" decoding=\"async\" width=\"300\" height=\"200\" src=\"https:\/\/carmelites.net\/wp-content\/uploads\/2021\/07\/olp-niagara-300x200.jpg\" class=\"attachment-medium size-medium wp-image-136\" alt=\"\" srcset=\"https:\/\/carmelites.net\/wp-content\/uploads\/2021\/07\/olp-niagara-300x200.jpg 300w, https:\/\/carmelites.net\/wp-content\/uploads\/2021\/07\/olp-niagara-200x133.jpg 200w, https:\/\/carmelites.net\/wp-content\/uploads\/2021\/07\/olp-niagara-400x267.jpg 400w, https:\/\/carmelites.net\/wp-content\/uploads\/2021\/07\/olp-niagara.jpg 432w\" sizes=\"auto, (max-width: 300px) 100vw, 300px\" \/>\t\t<\/div>\n\t\t\t\t<div class=\"elementor-portfolio-item__overlay\">\n\t\t\t\t<h3 class=\"elementor-portfolio-item__title\">\n\t\t\u52a0\u62ff\u5927\u5b89\u5927\u7565\u7701\u5c3c\u4e9a\u52a0\u62c9\u7011\u5e03\u548c\u5e73\u5723\u6bcd\u6559\u5802\t\t<\/h3>\n\t\t\t\t<\/div>\n\t\t\t\t<\/a>\n\t\t<\/article>\n\t\t\t\t<article class=\"elementor-portfolio-item elementor-post elementor-filter-10 elementor-filter-12 elementor-filter-33 post-2657 post type-post status-publish format-standard has-post-thumbnail hentry category-illinois category-school category-ministries\" role=\"listitem\">\n\t\t\t<a class=\"elementor-post__thumbnail__link\" href=\"https:\/\/carmelites.net\/zh\/ministries\/illinois\/mount-carmel-high-school-chicago-il\/\">\n\t\t\t\t<div class=\"elementor-portfolio-item__img elementor-post__thumbnail\">\n\t\t\t<img loading=\"lazy\" decoding=\"async\" width=\"300\" height=\"200\" src=\"https:\/\/carmelites.net\/wp-content\/uploads\/2021\/07\/mchs-2020-300x200.jpg\" class=\"attachment-medium size-medium wp-image-91\" alt=\"\" srcset=\"https:\/\/carmelites.net\/wp-content\/uploads\/2021\/07\/mchs-2020-300x200.jpg 300w, https:\/\/carmelites.net\/wp-content\/uploads\/2021\/07\/mchs-2020-200x133.jpg 200w, https:\/\/carmelites.net\/wp-content\/uploads\/2021\/07\/mchs-2020-400x267.jpg 400w, https:\/\/carmelites.net\/wp-content\/uploads\/2021\/07\/mchs-2020.jpg 432w\" sizes=\"auto, (max-width: 300px) 100vw, 300px\" \/>\t\t<\/div>\n\t\t\t\t<div class=\"elementor-portfolio-item__overlay\">\n\t\t\t\t<h3 class=\"elementor-portfolio-item__title\">\n\t\t\u4f0a\u5229\u8bfa\u4f0a\u5dde\u829d\u52a0\u54e5\u5361\u6885\u5c14\u5c71\u9ad8\u4e2d\t\t<\/h3>\n\t\t\t\t<\/div>\n\t\t\t\t<\/a>\n\t\t<\/article>\n\t\t\t\t<article class=\"elementor-portfolio-item elementor-post elementor-filter-18 elementor-filter-33 post-2870 post type-post status-publish format-standard has-post-thumbnail hentry category-canada category-ministries\" role=\"listitem\">\n\t\t\t<a class=\"elementor-post__thumbnail__link\" href=\"https:\/\/carmelites.net\/zh\/ministries\/canada\/st-patrick-parish-niagara-falls\/\">\n\t\t\t\t<div class=\"elementor-portfolio-item__img elementor-post__thumbnail\">\n\t\t\t<img loading=\"lazy\" decoding=\"async\" width=\"300\" height=\"200\" src=\"https:\/\/carmelites.net\/wp-content\/uploads\/2021\/07\/st-patrick-1-300x200.jpg\" class=\"attachment-medium size-medium wp-image-138\" alt=\"\" srcset=\"https:\/\/carmelites.net\/wp-content\/uploads\/2021\/07\/st-patrick-1-300x200.jpg 300w, https:\/\/carmelites.net\/wp-content\/uploads\/2021\/07\/st-patrick-1-200x133.jpg 200w, https:\/\/carmelites.net\/wp-content\/uploads\/2021\/07\/st-patrick-1-400x267.jpg 400w, https:\/\/carmelites.net\/wp-content\/uploads\/2021\/07\/st-patrick-1.jpg 432w\" sizes=\"auto, (max-width: 300px) 100vw, 300px\" \/>\t\t<\/div>\n\t\t\t\t<div class=\"elementor-portfolio-item__overlay\">\n\t\t\t\t<h3 class=\"elementor-portfolio-item__title\">\n\t\t\u52a0\u62ff\u5927\u5b89\u5927\u7565\u7701\u5c3c\u4e9a\u52a0\u62c9\u7011\u5e03\u5723\u5e15\u7279\u91cc\u514b\u6559\u533a\t\t<\/h3>\n\t\t\t\t<\/div>\n\t\t\t\t<\/a>\n\t\t<\/article>\n\t\t\t\t<article class=\"elementor-portfolio-item elementor-post elementor-filter-24 elementor-filter-33 post-9890 post type-post status-publish format-standard has-post-thumbnail hentry category-peru category-ministries\" role=\"listitem\">\n\t\t\t<a class=\"elementor-post__thumbnail__link\" href=\"https:\/\/carmelites.net\/zh\/ministries\/peru\/villa-carmelitas-casa-de-retiro\/\">\n\t\t\t\t<div class=\"elementor-portfolio-item__img elementor-post__thumbnail\">\n\t\t\t<img loading=\"lazy\" decoding=\"async\" width=\"300\" height=\"200\" src=\"https:\/\/carmelites.net\/wp-content\/uploads\/2021\/07\/lurin-villa-carmelitas-300x200.jpg\" class=\"attachment-medium size-medium wp-image-152\" alt=\"\" srcset=\"https:\/\/carmelites.net\/wp-content\/uploads\/2021\/07\/lurin-villa-carmelitas-300x200.jpg 300w, https:\/\/carmelites.net\/wp-content\/uploads\/2021\/07\/lurin-villa-carmelitas-200x133.jpg 200w, https:\/\/carmelites.net\/wp-content\/uploads\/2021\/07\/lurin-villa-carmelitas-400x267.jpg 400w, https:\/\/carmelites.net\/wp-content\/uploads\/2021\/07\/lurin-villa-carmelitas.jpg 432w\" sizes=\"auto, (max-width: 300px) 100vw, 300px\" \/>\t\t<\/div>\n\t\t\t\t<div class=\"elementor-portfolio-item__overlay\">\n\t\t\t\t<h3 class=\"elementor-portfolio-item__title\">\n\t\t\u79d8\u9c81\u5362\u6797\u5361\u6885\u5229\u5854\u65af\u522b\u5885\t\t<\/h3>\n\t\t\t\t<\/div>\n\t\t\t\t<\/a>\n\t\t<\/article>\n\t\t\t\t<article class=\"elementor-portfolio-item elementor-post elementor-filter-23 elementor-filter-33 post-2951 post type-post status-publish format-standard has-post-thumbnail hentry category-mexico category-ministries\" role=\"listitem\">\n\t\t\t<a class=\"elementor-post__thumbnail__link\" href=\"https:\/\/carmelites.net\/zh\/ministries\/mexico\/parroquia-de-la-transfiguracion-del-senor-torreon-coahuila\/\">\n\t\t\t\t<div class=\"elementor-portfolio-item__img elementor-post__thumbnail\">\n\t\t\t<img loading=\"lazy\" decoding=\"async\" width=\"300\" height=\"200\" src=\"https:\/\/carmelites.net\/wp-content\/uploads\/2021\/07\/torrreon-transfig-01-300x200.jpg\" class=\"attachment-medium size-medium wp-image-156\" alt=\"\" srcset=\"https:\/\/carmelites.net\/wp-content\/uploads\/2021\/07\/torrreon-transfig-01-300x200.jpg 300w, https:\/\/carmelites.net\/wp-content\/uploads\/2021\/07\/torrreon-transfig-01-200x133.jpg 200w, https:\/\/carmelites.net\/wp-content\/uploads\/2021\/07\/torrreon-transfig-01-400x267.jpg 400w, https:\/\/carmelites.net\/wp-content\/uploads\/2021\/07\/torrreon-transfig-01.jpg 432w\" sizes=\"auto, (max-width: 300px) 100vw, 300px\" \/>\t\t<\/div>\n\t\t\t\t<div class=\"elementor-portfolio-item__overlay\">\n\t\t\t\t<h3 class=\"elementor-portfolio-item__title\">\n\t\tParroquia La Transfiguraci\u00f3n del Se\u00f1or, Torre\u00f3n, Coahuila, M\u00e9xico\t\t<\/h3>\n\t\t\t\t<\/div>\n\t\t\t\t<\/a>\n\t\t<\/article>\n\t\t\t\t<article class=\"elementor-portfolio-item elementor-post elementor-filter-24 elementor-filter-12 elementor-filter-33 post-10025 post type-post status-publish format-standard has-post-thumbnail hentry category-peru category-school category-ministries\" role=\"listitem\">\n\t\t\t<a class=\"elementor-post__thumbnail__link\" href=\"https:\/\/carmelites.net\/zh\/ministries\/school\/colegio-nuestra-senora-del-carmen-miraflores\/\">\n\t\t\t\t<div class=\"elementor-portfolio-item__img elementor-post__thumbnail\">\n\t\t\t<img loading=\"lazy\" decoding=\"async\" width=\"300\" height=\"200\" src=\"https:\/\/carmelites.net\/wp-content\/uploads\/2021\/07\/colegio-carmelitas-1-300x200.jpg\" class=\"attachment-medium size-medium wp-image-142\" alt=\"\" srcset=\"https:\/\/carmelites.net\/wp-content\/uploads\/2021\/07\/colegio-carmelitas-1-300x200.jpg 300w, https:\/\/carmelites.net\/wp-content\/uploads\/2021\/07\/colegio-carmelitas-1-200x133.jpg 200w, https:\/\/carmelites.net\/wp-content\/uploads\/2021\/07\/colegio-carmelitas-1-400x267.jpg 400w, https:\/\/carmelites.net\/wp-content\/uploads\/2021\/07\/colegio-carmelitas-1.jpg 432w\" sizes=\"auto, (max-width: 300px) 100vw, 300px\" \/>\t\t<\/div>\n\t\t\t\t<div class=\"elementor-portfolio-item__overlay\">\n\t\t\t\t<h3 class=\"elementor-portfolio-item__title\">\n\t\t\u79d8\u9c81\u7c73\u62c9\u5f17\u6d1b\u96f7\u65af\u5361\u95e8\u5723\u6bcd\u5b66\u9662\t\t<\/h3>\n\t\t\t\t<\/div>\n\t\t\t\t<\/a>\n\t\t<\/article>\n\t\t\t\t<article class=\"elementor-portfolio-item elementor-post elementor-filter-24 elementor-filter-33 post-9710 post type-post status-publish format-standard has-post-thumbnail hentry category-peru category-ministries\" role=\"listitem\">\n\t\t\t<a class=\"elementor-post__thumbnail__link\" href=\"https:\/\/carmelites.net\/zh\/ministries\/peru\/casa-san-elias-miraflores\/\">\n\t\t\t\t<div class=\"elementor-portfolio-item__img elementor-post__thumbnail\">\n\t\t\t<img loading=\"lazy\" decoding=\"async\" width=\"300\" height=\"200\" src=\"https:\/\/carmelites.net\/wp-content\/uploads\/2021\/07\/casa-san-elias-300x200.jpg\" class=\"attachment-medium size-medium wp-image-154\" alt=\"\" srcset=\"https:\/\/carmelites.net\/wp-content\/uploads\/2021\/07\/casa-san-elias-300x200.jpg 300w, https:\/\/carmelites.net\/wp-content\/uploads\/2021\/07\/casa-san-elias-200x133.jpg 200w, https:\/\/carmelites.net\/wp-content\/uploads\/2021\/07\/casa-san-elias-400x267.jpg 400w, https:\/\/carmelites.net\/wp-content\/uploads\/2021\/07\/casa-san-elias.jpg 432w\" sizes=\"auto, (max-width: 300px) 100vw, 300px\" \/>\t\t<\/div>\n\t\t\t\t<div class=\"elementor-portfolio-item__overlay\">\n\t\t\t\t<h3 class=\"elementor-portfolio-item__title\">\n\t\t\u79d8\u9c81\u7c73\u62c9\u5f17\u6d1b\u96f7\u65af\u5723\u57c3\u5229\u4e9a\u65af\u4e4b\u5bb6\t\t<\/h3>\n\t\t\t\t<\/div>\n\t\t\t\t<\/a>\n\t\t<\/article>\n\t\t\t\t<article class=\"elementor-portfolio-item elementor-post elementor-filter-16 elementor-filter-33 post-2844 post type-post status-publish format-standard has-post-thumbnail hentry category-florida category-ministries\" role=\"listitem\">\n\t\t\t<a class=\"elementor-post__thumbnail__link\" href=\"https:\/\/carmelites.net\/zh\/ministries\/florida\/our-lady-of-mount-carmel-parish-osprey-fl\/\">\n\t\t\t\t<div class=\"elementor-portfolio-item__img elementor-post__thumbnail\">\n\t\t\t<img loading=\"lazy\" decoding=\"async\" width=\"300\" height=\"200\" src=\"https:\/\/carmelites.net\/wp-content\/uploads\/2021\/07\/olmc-osprey-300x200.jpg\" class=\"attachment-medium size-medium wp-image-87\" alt=\"\" srcset=\"https:\/\/carmelites.net\/wp-content\/uploads\/2021\/07\/olmc-osprey-300x200.jpg 300w, https:\/\/carmelites.net\/wp-content\/uploads\/2021\/07\/olmc-osprey-200x133.jpg 200w, https:\/\/carmelites.net\/wp-content\/uploads\/2021\/07\/olmc-osprey-400x267.jpg 400w, https:\/\/carmelites.net\/wp-content\/uploads\/2021\/07\/olmc-osprey.jpg 432w\" sizes=\"auto, (max-width: 300px) 100vw, 300px\" \/>\t\t<\/div>\n\t\t\t\t<div class=\"elementor-portfolio-item__overlay\">\n\t\t\t\t<h3 class=\"elementor-portfolio-item__title\">\n\t\t\u4f5b\u7f57\u91cc\u8fbe\u5dde\u5965\u65af\u76ae\u5c14\u5361\u6885\u5c14\u5c71\u5723\u6bcd\u5802\u533a\t\t<\/h3>\n\t\t\t\t<\/div>\n\t\t\t\t<\/a>\n\t\t<\/article>\n\t\t\t\t<article class=\"elementor-portfolio-item elementor-post elementor-filter-15 elementor-filter-12 elementor-filter-33 post-2821 post type-post status-publish format-standard has-post-thumbnail hentry category-california category-school category-ministries\" role=\"listitem\">\n\t\t\t<a class=\"elementor-post__thumbnail__link\" href=\"https:\/\/carmelites.net\/zh\/ministries\/school\/crespi-carmelite-high-school-encino-ca\/\">\n\t\t\t\t<div class=\"elementor-portfolio-item__img elementor-post__thumbnail\">\n\t\t\t<img loading=\"lazy\" decoding=\"async\" width=\"300\" height=\"200\" src=\"https:\/\/carmelites.net\/wp-content\/uploads\/2021\/07\/crespi-1-300x200.jpg\" class=\"attachment-medium size-medium wp-image-127\" alt=\"\" srcset=\"https:\/\/carmelites.net\/wp-content\/uploads\/2021\/07\/crespi-1-300x200.jpg 300w, https:\/\/carmelites.net\/wp-content\/uploads\/2021\/07\/crespi-1-200x133.jpg 200w, https:\/\/carmelites.net\/wp-content\/uploads\/2021\/07\/crespi-1-400x267.jpg 400w, https:\/\/carmelites.net\/wp-content\/uploads\/2021\/07\/crespi-1.jpg 432w\" sizes=\"auto, (max-width: 300px) 100vw, 300px\" \/>\t\t<\/div>\n\t\t\t\t<div class=\"elementor-portfolio-item__overlay\">\n\t\t\t\t<h3 class=\"elementor-portfolio-item__title\">\n\t\t\u52a0\u5229\u798f\u5c3c\u4e9a\u5dde\u6069\u897f\u8bfa\u514b\u83b1\u65af\u76ae\u5361\u6885\u5c14\u9ad8\u4e2d\t\t<\/h3>\n\t\t\t\t<\/div>\n\t\t\t\t<\/a>\n\t\t<\/article>\n\t\t\t\t<article class=\"elementor-portfolio-item elementor-post elementor-filter-10 elementor-filter-11 elementor-filter-33 post-2617 post type-post status-publish format-standard has-post-thumbnail hentry category-illinois category-provincial category-ministries\" role=\"listitem\">\n\t\t\t<a class=\"elementor-post__thumbnail__link\" href=\"https:\/\/carmelites.net\/zh\/ministries\/illinois\/society-of-the-little-flower-darien-il\/\">\n\t\t\t\t<div class=\"elementor-portfolio-item__img elementor-post__thumbnail\">\n\t\t\t<img loading=\"lazy\" decoding=\"async\" width=\"300\" height=\"200\" src=\"https:\/\/carmelites.net\/wp-content\/uploads\/2021\/07\/SLF-1-300x200.jpg\" class=\"attachment-medium size-medium wp-image-102\" alt=\"\" srcset=\"https:\/\/carmelites.net\/wp-content\/uploads\/2021\/07\/SLF-1-300x200.jpg 300w, https:\/\/carmelites.net\/wp-content\/uploads\/2021\/07\/SLF-1-768x512.jpg 768w, https:\/\/carmelites.net\/wp-content\/uploads\/2021\/07\/SLF-1-200x133.jpg 200w, https:\/\/carmelites.net\/wp-content\/uploads\/2021\/07\/SLF-1-400x267.jpg 400w, https:\/\/carmelites.net\/wp-content\/uploads\/2021\/07\/SLF-1-600x400.jpg 600w, https:\/\/carmelites.net\/wp-content\/uploads\/2021\/07\/SLF-1-800x533.jpg 800w, https:\/\/carmelites.net\/wp-content\/uploads\/2021\/07\/SLF-1.jpg 900w\" sizes=\"auto, (max-width: 300px) 100vw, 300px\" \/>\t\t<\/div>\n\t\t\t\t<div class=\"elementor-portfolio-item__overlay\">\n\t\t\t\t<h3 class=\"elementor-portfolio-item__title\">\n\t\t\u4f0a\u5229\u8bfa\u4f0a\u5dde\u8fbe\u91cc\u6069\u5c0f\u82b1\u5b66\u4f1a\t\t<\/h3>\n\t\t\t\t<\/div>\n\t\t\t\t<\/a>\n\t\t<\/article>\n\t\t\t\t<article class=\"elementor-portfolio-item elementor-post elementor-filter-13 elementor-filter-33 post-2790 post type-post status-publish format-standard has-post-thumbnail hentry category-washington-dc category-ministries\" role=\"listitem\">\n\t\t\t<a class=\"elementor-post__thumbnail__link\" href=\"https:\/\/carmelites.net\/zh\/ministries\/washington-dc\/whitefriars-hall-house-of-studies\/\">\n\t\t\t\t<div class=\"elementor-portfolio-item__img elementor-post__thumbnail\">\n\t\t\t<img loading=\"lazy\" decoding=\"async\" width=\"300\" height=\"200\" src=\"https:\/\/carmelites.net\/wp-content\/uploads\/2021\/07\/whitefriars-hall-dc-300x200.jpg\" class=\"attachment-medium size-medium wp-image-71\" alt=\"\" srcset=\"https:\/\/carmelites.net\/wp-content\/uploads\/2021\/07\/whitefriars-hall-dc-300x200.jpg 300w, https:\/\/carmelites.net\/wp-content\/uploads\/2021\/07\/whitefriars-hall-dc-200x133.jpg 200w, https:\/\/carmelites.net\/wp-content\/uploads\/2021\/07\/whitefriars-hall-dc-400x267.jpg 400w, https:\/\/carmelites.net\/wp-content\/uploads\/2021\/07\/whitefriars-hall-dc.jpg 432w\" sizes=\"auto, (max-width: 300px) 100vw, 300px\" \/>\t\t<\/div>\n\t\t\t\t<div class=\"elementor-portfolio-item__overlay\">\n\t\t\t\t<h3 class=\"elementor-portfolio-item__title\">\n\t\t\u534e\u76db\u987f\u7279\u533a\u6000\u7279\u5f17\u91cc\u5c14\u5927\u5385\t\t<\/h3>\n\t\t\t\t<\/div>\n\t\t\t\t<\/a>\n\t\t<\/article>\n\t\t\t\t<article class=\"elementor-portfolio-item elementor-post elementor-filter-10 elementor-filter-33 post-2615 post type-post status-publish format-standard has-post-thumbnail hentry category-illinois category-ministries\" role=\"listitem\">\n\t\t\t<a class=\"elementor-post__thumbnail__link\" href=\"https:\/\/carmelites.net\/zh\/ministries\/illinois\/our-lady-of-mount-carmel-parish-darien-il\/\">\n\t\t\t\t<div class=\"elementor-portfolio-item__img elementor-post__thumbnail\">\n\t\t\t<img loading=\"lazy\" decoding=\"async\" width=\"300\" height=\"200\" src=\"https:\/\/carmelites.net\/wp-content\/uploads\/2021\/07\/olmc-darien-1-300x200.jpg\" class=\"attachment-medium size-medium wp-image-100\" alt=\"\" srcset=\"https:\/\/carmelites.net\/wp-content\/uploads\/2021\/07\/olmc-darien-1-300x200.jpg 300w, https:\/\/carmelites.net\/wp-content\/uploads\/2021\/07\/olmc-darien-1-768x512.jpg 768w, https:\/\/carmelites.net\/wp-content\/uploads\/2021\/07\/olmc-darien-1-200x133.jpg 200w, https:\/\/carmelites.net\/wp-content\/uploads\/2021\/07\/olmc-darien-1-400x267.jpg 400w, https:\/\/carmelites.net\/wp-content\/uploads\/2021\/07\/olmc-darien-1-600x400.jpg 600w, https:\/\/carmelites.net\/wp-content\/uploads\/2021\/07\/olmc-darien-1-800x533.jpg 800w, https:\/\/carmelites.net\/wp-content\/uploads\/2021\/07\/olmc-darien-1.jpg 900w\" sizes=\"auto, (max-width: 300px) 100vw, 300px\" \/>\t\t<\/div>\n\t\t\t\t<div class=\"elementor-portfolio-item__overlay\">\n\t\t\t\t<h3 class=\"elementor-portfolio-item__title\">\n\t\t\u4f0a\u5229\u8bfa\u4f0a\u5dde\u8fbe\u91cc\u6069\u5361\u6885\u5c14\u5c71\u5723\u6bcd\u5802\u533a\t\t<\/h3>\n\t\t\t\t<\/div>\n\t\t\t\t<\/a>\n\t\t<\/article>\n\t\t\t\t<article class=\"elementor-portfolio-item elementor-post elementor-filter-10 elementor-filter-11 elementor-filter-33 post-2638 post type-post status-publish format-standard has-post-thumbnail hentry category-illinois category-provincial category-ministries\" role=\"listitem\">\n\t\t\t<a class=\"elementor-post__thumbnail__link\" href=\"https:\/\/carmelites.net\/zh\/ministries\/illinois\/provincial-offices\/\">\n\t\t\t\t<div class=\"elementor-portfolio-item__img elementor-post__thumbnail\">\n\t\t\t<img loading=\"lazy\" decoding=\"async\" width=\"300\" height=\"200\" src=\"https:\/\/carmelites.net\/wp-content\/uploads\/2023\/07\/Provincial900x600-300x200.png\" class=\"attachment-medium size-medium wp-image-15578\" alt=\"\" srcset=\"https:\/\/carmelites.net\/wp-content\/uploads\/2023\/07\/Provincial900x600-300x200.png 300w, https:\/\/carmelites.net\/wp-content\/uploads\/2023\/07\/Provincial900x600-768x512.png 768w, https:\/\/carmelites.net\/wp-content\/uploads\/2023\/07\/Provincial900x600-18x12.png 18w, https:\/\/carmelites.net\/wp-content\/uploads\/2023\/07\/Provincial900x600.png 900w\" sizes=\"auto, (max-width: 300px) 100vw, 300px\" \/>\t\t<\/div>\n\t\t\t\t<div class=\"elementor-portfolio-item__overlay\">\n\t\t\t\t<h3 class=\"elementor-portfolio-item__title\">\n\t\t\u4f0a\u5229\u8bfa\u4f0a\u5dde\u8fbe\u91cc\u6069\u52a0\u5c14\u9ed8\u7f57\u4f1a\u7701\u7ea7\u529e\u4e8b\u5904\t\t<\/h3>\n\t\t\t\t<\/div>\n\t\t\t\t<\/a>\n\t\t<\/article>\n\t\t\t\t<article class=\"elementor-portfolio-item elementor-post elementor-filter-19 elementor-filter-33 post-2876 post type-post status-publish format-standard has-post-thumbnail hentry category-new-jersey category-ministries\" role=\"listitem\">\n\t\t\t<a class=\"elementor-post__thumbnail__link\" href=\"https:\/\/carmelites.net\/zh\/ministries\/new-jersey\/st-therese-parish-cresskill-nj\/\">\n\t\t\t\t<div class=\"elementor-portfolio-item__img elementor-post__thumbnail\">\n\t\t\t<img loading=\"lazy\" decoding=\"async\" width=\"300\" height=\"200\" src=\"https:\/\/carmelites.net\/wp-content\/uploads\/2021\/07\/cresskill-04-300x200.jpg\" class=\"attachment-medium size-medium wp-image-75\" alt=\"\" srcset=\"https:\/\/carmelites.net\/wp-content\/uploads\/2021\/07\/cresskill-04-300x200.jpg 300w, https:\/\/carmelites.net\/wp-content\/uploads\/2021\/07\/cresskill-04-200x133.jpg 200w, https:\/\/carmelites.net\/wp-content\/uploads\/2021\/07\/cresskill-04-400x267.jpg 400w, https:\/\/carmelites.net\/wp-content\/uploads\/2021\/07\/cresskill-04.jpg 432w\" sizes=\"auto, (max-width: 300px) 100vw, 300px\" \/>\t\t<\/div>\n\t\t\t\t<div class=\"elementor-portfolio-item__overlay\">\n\t\t\t\t<h3 class=\"elementor-portfolio-item__title\">\n\t\t\u65b0\u6cfd\u897f\u5dde\u514b\u96f7\u65af\u57fa\u5c14\u5723\u7279\u857e\u6cfd\u5802\u533a\t\t<\/h3>\n\t\t\t\t<\/div>\n\t\t\t\t<\/a>\n\t\t<\/article>\n\t\t\t\t<article class=\"elementor-portfolio-item elementor-post elementor-filter-25 elementor-filter-33 post-3018 post type-post status-publish format-standard has-post-thumbnail hentry category-resources category-ministries\" role=\"listitem\">\n\t\t\t<a class=\"elementor-post__thumbnail__link\" href=\"https:\/\/carmelites.net\/zh\/ministries\/resources\/carmelite-ngo\/\">\n\t\t\t\t<div class=\"elementor-portfolio-item__img elementor-post__thumbnail\">\n\t\t\t<img loading=\"lazy\" decoding=\"async\" width=\"300\" height=\"200\" src=\"https:\/\/carmelites.net\/wp-content\/uploads\/2023\/08\/CarmeliteNGO-900x600-1-300x200.png\" class=\"attachment-medium size-medium wp-image-20781\" alt=\"\" srcset=\"https:\/\/carmelites.net\/wp-content\/uploads\/2023\/08\/CarmeliteNGO-900x600-1-300x200.png 300w, https:\/\/carmelites.net\/wp-content\/uploads\/2023\/08\/CarmeliteNGO-900x600-1-768x512.png 768w, https:\/\/carmelites.net\/wp-content\/uploads\/2023\/08\/CarmeliteNGO-900x600-1-18x12.png 18w, https:\/\/carmelites.net\/wp-content\/uploads\/2023\/08\/CarmeliteNGO-900x600-1.png 900w\" sizes=\"auto, (max-width: 300px) 100vw, 300px\" \/>\t\t<\/div>\n\t\t\t\t<div class=\"elementor-portfolio-item__overlay\">\n\t\t\t\t<h3 class=\"elementor-portfolio-item__title\">\n\t\t\u5361\u6885\u5c14\u975e\u653f\u5e9c\u7ec4\u7ec7\t\t<\/h3>\n\t\t\t\t<\/div>\n\t\t\t\t<\/a>\n\t\t<\/article>\n\t\t\t\t<article class=\"elementor-portfolio-item elementor-post elementor-filter-10 elementor-filter-12 elementor-filter-33 post-2679 post type-post status-publish format-standard has-post-thumbnail hentry category-illinois category-school category-ministries\" role=\"listitem\">\n\t\t\t<a class=\"elementor-post__thumbnail__link\" href=\"https:\/\/carmelites.net\/zh\/ministries\/illinois\/joliet-catholic-academy-joliet-il\/\">\n\t\t\t\t<div class=\"elementor-portfolio-item__img elementor-post__thumbnail\">\n\t\t\t<img loading=\"lazy\" decoding=\"async\" width=\"300\" height=\"200\" src=\"https:\/\/carmelites.net\/wp-content\/uploads\/2021\/07\/JCA-2-300x200.jpg\" class=\"attachment-medium size-medium wp-image-95\" alt=\"\" srcset=\"https:\/\/carmelites.net\/wp-content\/uploads\/2021\/07\/JCA-2-300x200.jpg 300w, https:\/\/carmelites.net\/wp-content\/uploads\/2021\/07\/JCA-2-768x512.jpg 768w, https:\/\/carmelites.net\/wp-content\/uploads\/2021\/07\/JCA-2-200x133.jpg 200w, https:\/\/carmelites.net\/wp-content\/uploads\/2021\/07\/JCA-2-400x267.jpg 400w, https:\/\/carmelites.net\/wp-content\/uploads\/2021\/07\/JCA-2-600x400.jpg 600w, https:\/\/carmelites.net\/wp-content\/uploads\/2021\/07\/JCA-2-800x533.jpg 800w, https:\/\/carmelites.net\/wp-content\/uploads\/2021\/07\/JCA-2.jpg 900w\" sizes=\"auto, (max-width: 300px) 100vw, 300px\" \/>\t\t<\/div>\n\t\t\t\t<div class=\"elementor-portfolio-item__overlay\">\n\t\t\t\t<h3 class=\"elementor-portfolio-item__title\">\n\t\t\u4f0a\u5229\u8bfa\u4f0a\u5dde\u4e54\u5229\u7279\u5929\u4e3b\u6559\u5b66\u9662\t\t<\/h3>\n\t\t\t\t<\/div>\n\t\t\t\t<\/a>\n\t\t<\/article>\n\t\t\t\t<article class=\"elementor-portfolio-item elementor-post elementor-filter-25 elementor-filter-33 post-3008 post type-post status-publish format-standard has-post-thumbnail hentry category-resources category-ministries\" role=\"listitem\">\n\t\t\t<a class=\"elementor-post__thumbnail__link\" href=\"https:\/\/carmelites.net\/zh\/ministries\/resources\/carmelite-media-publications\/\">\n\t\t\t\t<div class=\"elementor-portfolio-item__img elementor-post__thumbnail\">\n\t\t\t<img loading=\"lazy\" decoding=\"async\" width=\"300\" height=\"200\" src=\"https:\/\/carmelites.net\/wp-content\/uploads\/2023\/08\/CarmeliteMediaPublications-300x200.jpg\" class=\"attachment-medium size-medium wp-image-11870\" alt=\"\" srcset=\"https:\/\/carmelites.net\/wp-content\/uploads\/2023\/08\/CarmeliteMediaPublications-300x200.jpg 300w, https:\/\/carmelites.net\/wp-content\/uploads\/2023\/08\/CarmeliteMediaPublications-768x512.jpg 768w, https:\/\/carmelites.net\/wp-content\/uploads\/2023\/08\/CarmeliteMediaPublications.jpg 900w\" sizes=\"auto, (max-width: 300px) 100vw, 300px\" \/>\t\t<\/div>\n\t\t\t\t<div class=\"elementor-portfolio-item__overlay\">\n\t\t\t\t<h3 class=\"elementor-portfolio-item__title\">\n\t\t\u5361\u6885\u5c14\u5a92\u4f53\u51fa\u7248\t\t<\/h3>\n\t\t\t\t<\/div>\n\t\t\t\t<\/a>\n\t\t<\/article>\n\t\t\t\t<article class=\"elementor-portfolio-item elementor-post elementor-filter-15 elementor-filter-33 post-2826 post type-post status-publish format-standard has-post-thumbnail hentry category-california category-ministries\" role=\"listitem\">\n\t\t\t<a class=\"elementor-post__thumbnail__link\" href=\"https:\/\/carmelites.net\/zh\/ministries\/california\/our-lady-of-mount-carmel-parish-fairfield-ca\/\">\n\t\t\t\t<div class=\"elementor-portfolio-item__img elementor-post__thumbnail\">\n\t\t\t<img loading=\"lazy\" decoding=\"async\" width=\"300\" height=\"200\" src=\"https:\/\/carmelites.net\/wp-content\/uploads\/2021\/07\/olmc-fairfield-1-300x200.jpg\" class=\"attachment-medium size-medium wp-image-130\" alt=\"\" srcset=\"https:\/\/carmelites.net\/wp-content\/uploads\/2021\/07\/olmc-fairfield-1-300x200.jpg 300w, https:\/\/carmelites.net\/wp-content\/uploads\/2021\/07\/olmc-fairfield-1-200x133.jpg 200w, https:\/\/carmelites.net\/wp-content\/uploads\/2021\/07\/olmc-fairfield-1-400x267.jpg 400w, https:\/\/carmelites.net\/wp-content\/uploads\/2021\/07\/olmc-fairfield-1.jpg 432w\" sizes=\"auto, (max-width: 300px) 100vw, 300px\" \/>\t\t<\/div>\n\t\t\t\t<div class=\"elementor-portfolio-item__overlay\">\n\t\t\t\t<h3 class=\"elementor-portfolio-item__title\">\n\t\t\u52a0\u5229\u798f\u5c3c\u4e9a\u5dde\u8d39\u5c14\u83f2\u5c14\u5fb7\u5361\u6885\u5c14\u5c71\u5723\u6bcd\u5802\u533a\t\t<\/h3>\n\t\t\t\t<\/div>\n\t\t\t\t<\/a>\n\t\t<\/article>\n\t\t\t\t<article class=\"elementor-portfolio-item elementor-post elementor-filter-19 elementor-filter-25 elementor-filter-33 post-11749 post type-post status-publish format-standard has-post-thumbnail hentry category-new-jersey category-resources category-ministries\" role=\"listitem\">\n\t\t\t<a class=\"elementor-post__thumbnail__link\" href=\"https:\/\/carmelites.net\/zh\/ministries\/new-jersey\/carmelite-missions-office-englewood-nj\/\">\n\t\t\t\t<div class=\"elementor-portfolio-item__img elementor-post__thumbnail\">\n\t\t\t<img loading=\"lazy\" decoding=\"async\" width=\"300\" height=\"200\" src=\"https:\/\/carmelites.net\/wp-content\/uploads\/2024\/05\/CarmeliteMissions-300x200.png\" class=\"attachment-medium size-medium wp-image-11752\" alt=\"\" srcset=\"https:\/\/carmelites.net\/wp-content\/uploads\/2024\/05\/CarmeliteMissions-300x200.png 300w, https:\/\/carmelites.net\/wp-content\/uploads\/2024\/05\/CarmeliteMissions-768x512.png 768w, https:\/\/carmelites.net\/wp-content\/uploads\/2024\/05\/CarmeliteMissions.png 900w\" sizes=\"auto, (max-width: 300px) 100vw, 300px\" \/>\t\t<\/div>\n\t\t\t\t<div class=\"elementor-portfolio-item__overlay\">\n\t\t\t\t<h3 class=\"elementor-portfolio-item__title\">\n\t\t\u65b0\u6cfd\u897f\u5dde\u6069\u683c\u5c14\u4f0d\u5fb7\u52a0\u5c14\u9ed8\u7f57\u4f1a\u4f20\u6559\u529e\u516c\u5ba4\t\t<\/h3>\n\t\t\t\t<\/div>\n\t\t\t\t<\/a>\n\t\t<\/article>\n\t\t\t\t<article class=\"elementor-portfolio-item elementor-post elementor-filter-10 elementor-filter-25 elementor-filter-33 post-3028 post type-post status-publish format-standard has-post-thumbnail hentry category-illinois category-resources category-ministries\" role=\"listitem\">\n\t\t\t<a class=\"elementor-post__thumbnail__link\" href=\"https:\/\/carmelites.net\/zh\/ministries\/illinois\/lay-carmelite-office-darien-il\/\">\n\t\t\t\t<div class=\"elementor-portfolio-item__img elementor-post__thumbnail\">\n\t\t\t<img loading=\"lazy\" decoding=\"async\" width=\"300\" height=\"200\" src=\"https:\/\/carmelites.net\/wp-content\/uploads\/2023\/08\/scapular-brown-300x200.png\" class=\"attachment-medium size-medium wp-image-20128\" alt=\"\" srcset=\"https:\/\/carmelites.net\/wp-content\/uploads\/2023\/08\/scapular-brown-300x200.png 300w, https:\/\/carmelites.net\/wp-content\/uploads\/2023\/08\/scapular-brown-1024x683.png 1024w, https:\/\/carmelites.net\/wp-content\/uploads\/2023\/08\/scapular-brown-768x512.png 768w, https:\/\/carmelites.net\/wp-content\/uploads\/2023\/08\/scapular-brown-1536x1024.png 1536w, https:\/\/carmelites.net\/wp-content\/uploads\/2023\/08\/scapular-brown-2048x1365.png 2048w, https:\/\/carmelites.net\/wp-content\/uploads\/2023\/08\/scapular-brown-18x12.png 18w\" sizes=\"auto, (max-width: 300px) 100vw, 300px\" \/>\t\t<\/div>\n\t\t\t\t<div class=\"elementor-portfolio-item__overlay\">\n\t\t\t\t<h3 class=\"elementor-portfolio-item__title\">\n\t\t\u4f0a\u5229\u8bfa\u4f0a\u5dde\u8fbe\u91cc\u6069\u5361\u6885\u5c14\u6559\u53cb\u529e\u516c\u5ba4\t\t<\/h3>\n\t\t\t\t<\/div>\n\t\t\t\t<\/a>\n\t\t<\/article>\n\t\t\t\t<article class=\"elementor-portfolio-item elementor-post elementor-filter-25 elementor-filter-33 post-24535 post type-post status-publish format-standard has-post-thumbnail hentry category-resources category-ministries\" role=\"listitem\">\n\t\t\t<a class=\"elementor-post__thumbnail__link\" href=\"https:\/\/carmelites.net\/zh\/ministries\/resources\/carmelprays\/\">\n\t\t\t\t<div class=\"elementor-portfolio-item__img elementor-post__thumbnail\">\n\t\t\t<img loading=\"lazy\" decoding=\"async\" width=\"300\" height=\"184\" src=\"https:\/\/carmelites.net\/wp-content\/uploads\/2026\/04\/Screenshot-2026-04-23-at-20337-PM-300x184.png\" class=\"attachment-medium size-medium wp-image-24537\" alt=\"CarmelPrays.com logo with a stylized mountain, orange sun stars, blue waves, and white text.\" srcset=\"https:\/\/carmelites.net\/wp-content\/uploads\/2026\/04\/Screenshot-2026-04-23-at-20337-PM-300x184.png 300w, https:\/\/carmelites.net\/wp-content\/uploads\/2026\/04\/Screenshot-2026-04-23-at-20337-PM-18x12.png 18w, https:\/\/carmelites.net\/wp-content\/uploads\/2026\/04\/Screenshot-2026-04-23-at-20337-PM.png 320w\" sizes=\"auto, (max-width: 300px) 100vw, 300px\" \/>\t\t<\/div>\n\t\t\t\t<div class=\"elementor-portfolio-item__overlay\">\n\t\t\t\t<h3 class=\"elementor-portfolio-item__title\">\n\t\tCarmelPrays.com\t\t<\/h3>\n\t\t\t\t<\/div>\n\t\t\t\t<\/a>\n\t\t<\/article>\n\t\t\t\t<article class=\"elementor-portfolio-item elementor-post elementor-filter-15 elementor-filter-33 post-2831 post type-post status-publish format-standard has-post-thumbnail hentry category-california category-ministries\" role=\"listitem\">\n\t\t\t<a class=\"elementor-post__thumbnail__link\" href=\"https:\/\/carmelites.net\/zh\/ministries\/california\/st-teresa-of-avila-parish-san-francisco-ca\/\">\n\t\t\t\t<div class=\"elementor-portfolio-item__img elementor-post__thumbnail\">\n\t\t\t<img loading=\"lazy\" decoding=\"async\" width=\"300\" height=\"200\" src=\"https:\/\/carmelites.net\/wp-content\/uploads\/2021\/07\/st-teresa-sf-1-300x200.jpg\" class=\"attachment-medium size-medium wp-image-132\" alt=\"\" srcset=\"https:\/\/carmelites.net\/wp-content\/uploads\/2021\/07\/st-teresa-sf-1-300x200.jpg 300w, https:\/\/carmelites.net\/wp-content\/uploads\/2021\/07\/st-teresa-sf-1-200x133.jpg 200w, https:\/\/carmelites.net\/wp-content\/uploads\/2021\/07\/st-teresa-sf-1-400x267.jpg 400w, https:\/\/carmelites.net\/wp-content\/uploads\/2021\/07\/st-teresa-sf-1.jpg 432w\" sizes=\"auto, (max-width: 300px) 100vw, 300px\" \/>\t\t<\/div>\n\t\t\t\t<div class=\"elementor-portfolio-item__overlay\">\n\t\t\t\t<h3 class=\"elementor-portfolio-item__title\">\n\t\t\u52a0\u5229\u798f\u5c3c\u4e9a\u5dde\u65e7\u91d1\u5c71\u5723\u7279\u857e\u838e\u5802\u533a\t\t<\/h3>\n\t\t\t\t<\/div>\n\t\t\t\t<\/a>\n\t\t<\/article>\n\t\t\t\t<article class=\"elementor-portfolio-item elementor-post elementor-filter-24 elementor-filter-33 post-10074 post type-post status-publish format-standard has-post-thumbnail hentry category-peru category-ministries\" role=\"listitem\">\n\t\t\t<a class=\"elementor-post__thumbnail__link\" href=\"https:\/\/carmelites.net\/zh\/ministries\/peru\/parroquia-la-inmaculada-concepcion-pucusana\/\">\n\t\t\t\t<div class=\"elementor-portfolio-item__img elementor-post__thumbnail\">\n\t\t\t<img loading=\"lazy\" decoding=\"async\" width=\"300\" height=\"200\" src=\"https:\/\/carmelites.net\/wp-content\/uploads\/2021\/07\/pucusana-300x200.jpg\" class=\"attachment-medium size-medium wp-image-150\" alt=\"\" srcset=\"https:\/\/carmelites.net\/wp-content\/uploads\/2021\/07\/pucusana-300x200.jpg 300w, https:\/\/carmelites.net\/wp-content\/uploads\/2021\/07\/pucusana-200x133.jpg 200w, https:\/\/carmelites.net\/wp-content\/uploads\/2021\/07\/pucusana-400x267.jpg 400w, https:\/\/carmelites.net\/wp-content\/uploads\/2021\/07\/pucusana.jpg 432w\" sizes=\"auto, (max-width: 300px) 100vw, 300px\" \/>\t\t<\/div>\n\t\t\t\t<div class=\"elementor-portfolio-item__overlay\">\n\t\t\t\t<h3 class=\"elementor-portfolio-item__title\">\n\t\t\u79d8\u9c81\uff0c\u666e\u5e93\u8428\u7eb3\uff0c\u5723\u6bcd\u9886\u62a5\u5802\u533a\t\t<\/h3>\n\t\t\t\t<\/div>\n\t\t\t\t<\/a>\n\t\t<\/article>\n\t\t\t\t<article class=\"elementor-portfolio-item elementor-post elementor-filter-13 elementor-filter-25 elementor-filter-33 post-3013 post type-post status-publish format-standard has-post-thumbnail hentry category-washington-dc category-resources category-ministries\" role=\"listitem\">\n\t\t\t<a class=\"elementor-post__thumbnail__link\" href=\"https:\/\/carmelites.net\/zh\/ministries\/washington-dc\/carmelite-institute-of-north-america\/\">\n\t\t\t\t<div class=\"elementor-portfolio-item__img elementor-post__thumbnail\">\n\t\t\t<img loading=\"lazy\" decoding=\"async\" width=\"300\" height=\"200\" src=\"https:\/\/carmelites.net\/wp-content\/uploads\/2023\/08\/CINA-Institute-Logo-900x600-1-300x200.jpg\" class=\"attachment-medium size-medium wp-image-17134\" alt=\"\" srcset=\"https:\/\/carmelites.net\/wp-content\/uploads\/2023\/08\/CINA-Institute-Logo-900x600-1-300x200.jpg 300w, https:\/\/carmelites.net\/wp-content\/uploads\/2023\/08\/CINA-Institute-Logo-900x600-1-768x512.jpg 768w, https:\/\/carmelites.net\/wp-content\/uploads\/2023\/08\/CINA-Institute-Logo-900x600-1-18x12.jpg 18w, https:\/\/carmelites.net\/wp-content\/uploads\/2023\/08\/CINA-Institute-Logo-900x600-1.jpg 900w\" sizes=\"auto, (max-width: 300px) 100vw, 300px\" \/>\t\t<\/div>\n\t\t\t\t<div class=\"elementor-portfolio-item__overlay\">\n\t\t\t\t<h3 class=\"elementor-portfolio-item__title\">\n\t\t\u5317\u7f8e\u52a0\u5c14\u9ed8\u7f57\u4f1a\t\t<\/h3>\n\t\t\t\t<\/div>\n\t\t\t\t<\/a>\n\t\t<\/article>\n\t\t\t\t<article class=\"elementor-portfolio-item elementor-post elementor-filter-13 elementor-filter-25 elementor-filter-33 post-3002 post type-post status-publish format-standard has-post-thumbnail hentry category-washington-dc category-resources category-ministries\" role=\"listitem\">\n\t\t\t<a class=\"elementor-post__thumbnail__link\" href=\"https:\/\/carmelites.net\/zh\/ministries\/washington-dc\/school-of-theology-religious-studies-washington-dc\/\">\n\t\t\t\t<div class=\"elementor-portfolio-item__img elementor-post__thumbnail\">\n\t\t\t<img loading=\"lazy\" decoding=\"async\" width=\"300\" height=\"200\" src=\"https:\/\/carmelites.net\/wp-content\/uploads\/2023\/08\/CatholicU-300x200.jpg\" class=\"attachment-medium size-medium wp-image-20619\" alt=\"\" srcset=\"https:\/\/carmelites.net\/wp-content\/uploads\/2023\/08\/CatholicU-300x200.jpg 300w, https:\/\/carmelites.net\/wp-content\/uploads\/2023\/08\/CatholicU-768x512.jpg 768w, https:\/\/carmelites.net\/wp-content\/uploads\/2023\/08\/CatholicU-18x12.jpg 18w, https:\/\/carmelites.net\/wp-content\/uploads\/2023\/08\/CatholicU.jpg 900w\" sizes=\"auto, (max-width: 300px) 100vw, 300px\" \/>\t\t<\/div>\n\t\t\t\t<div class=\"elementor-portfolio-item__overlay\">\n\t\t\t\t<h3 class=\"elementor-portfolio-item__title\">\n\t\t\u534e\u76db\u987f\u7279\u533a\u795e\u5b66\u4e0e\u5b97\u6559\u7814\u7a76\u5b66\u9662\t\t<\/h3>\n\t\t\t\t<\/div>\n\t\t\t\t<\/a>\n\t\t<\/article>\n\t\t\t\t<article class=\"elementor-portfolio-item elementor-post elementor-filter-10 elementor-filter-11 elementor-filter-33 post-2262 post type-post status-publish format-standard has-post-thumbnail hentry category-illinois category-provincial category-ministries\" role=\"listitem\">\n\t\t\t<a class=\"elementor-post__thumbnail__link\" href=\"https:\/\/carmelites.net\/zh\/ministries\/illinois\/national-shrine-of-st-therese-darien-il\/\">\n\t\t\t\t<div class=\"elementor-portfolio-item__img elementor-post__thumbnail\">\n\t\t\t<img loading=\"lazy\" decoding=\"async\" width=\"300\" height=\"200\" src=\"https:\/\/carmelites.net\/wp-content\/uploads\/2021\/07\/shrine-300x200.jpg\" class=\"attachment-medium size-medium wp-image-105\" alt=\"\" srcset=\"https:\/\/carmelites.net\/wp-content\/uploads\/2021\/07\/shrine-300x200.jpg 300w, https:\/\/carmelites.net\/wp-content\/uploads\/2021\/07\/shrine-768x512.jpg 768w, https:\/\/carmelites.net\/wp-content\/uploads\/2021\/07\/shrine-200x133.jpg 200w, https:\/\/carmelites.net\/wp-content\/uploads\/2021\/07\/shrine-400x267.jpg 400w, https:\/\/carmelites.net\/wp-content\/uploads\/2021\/07\/shrine-600x400.jpg 600w, https:\/\/carmelites.net\/wp-content\/uploads\/2021\/07\/shrine-800x533.jpg 800w, https:\/\/carmelites.net\/wp-content\/uploads\/2021\/07\/shrine.jpg 900w\" sizes=\"auto, (max-width: 300px) 100vw, 300px\" \/>\t\t<\/div>\n\t\t\t\t<div class=\"elementor-portfolio-item__overlay\">\n\t\t\t\t<h3 class=\"elementor-portfolio-item__title\">\n\t\t\u5723\u7279\u857e\u6cfd\u56fd\u5bb6\u5723\u6bbf\uff0c\u4f0a\u5229\u8bfa\u4f0a\u5dde\u8fbe\u91cc\u6069\t\t<\/h3>\n\t\t\t\t<\/div>\n\t\t\t\t<\/a>\n\t\t<\/article>\n\t\t\t\t<article class=\"elementor-portfolio-item elementor-post elementor-filter-13 elementor-filter-25 elementor-filter-33 post-15654 post type-post status-publish format-standard has-post-thumbnail hentry category-washington-dc category-resources category-ministries\" role=\"listitem\">\n\t\t\t<a class=\"elementor-post__thumbnail__link\" href=\"https:\/\/carmelites.net\/zh\/ministries\/washington-dc\/carmelitana-collection\/\">\n\t\t\t\t<div class=\"elementor-portfolio-item__img elementor-post__thumbnail\">\n\t\t\t<img loading=\"lazy\" decoding=\"async\" width=\"300\" height=\"200\" src=\"https:\/\/carmelites.net\/wp-content\/uploads\/2024\/08\/student-cc-900-300x200.jpg\" class=\"attachment-medium size-medium wp-image-15659\" alt=\"\" srcset=\"https:\/\/carmelites.net\/wp-content\/uploads\/2024\/08\/student-cc-900-300x200.jpg 300w, https:\/\/carmelites.net\/wp-content\/uploads\/2024\/08\/student-cc-900-768x512.jpg 768w, https:\/\/carmelites.net\/wp-content\/uploads\/2024\/08\/student-cc-900-18x12.jpg 18w, https:\/\/carmelites.net\/wp-content\/uploads\/2024\/08\/student-cc-900.jpg 900w\" sizes=\"auto, (max-width: 300px) 100vw, 300px\" \/>\t\t<\/div>\n\t\t\t\t<div class=\"elementor-portfolio-item__overlay\">\n\t\t\t\t<h3 class=\"elementor-portfolio-item__title\">\n\t\t\u5361\u6885\u5229\u5854\u7eb3\u7cfb\u5217\t\t<\/h3>\n\t\t\t\t<\/div>\n\t\t\t\t<\/a>\n\t\t<\/article>\n\t\t\t\t<article class=\"elementor-portfolio-item elementor-post elementor-filter-10 elementor-filter-33 post-11237 post type-post status-publish format-standard has-post-thumbnail hentry category-illinois category-ministries\" role=\"listitem\">\n\t\t\t<a class=\"elementor-post__thumbnail__link\" href=\"https:\/\/carmelites.net\/zh\/ministries\/illinois\/national-shrine-museum-of-st-therese-darien-il\/\">\n\t\t\t\t<div class=\"elementor-portfolio-item__img elementor-post__thumbnail\">\n\t\t\t<img loading=\"lazy\" decoding=\"async\" width=\"300\" height=\"169\" src=\"https:\/\/carmelites.net\/wp-content\/uploads\/2024\/05\/prayer-gazebo-in-the-300x169.jpg\" class=\"attachment-medium size-medium wp-image-11239\" alt=\"\" srcset=\"https:\/\/carmelites.net\/wp-content\/uploads\/2024\/05\/prayer-gazebo-in-the-300x169.jpg 300w, https:\/\/carmelites.net\/wp-content\/uploads\/2024\/05\/prayer-gazebo-in-the.jpg 550w\" sizes=\"auto, (max-width: 300px) 100vw, 300px\" \/>\t\t<\/div>\n\t\t\t\t<div class=\"elementor-portfolio-item__overlay\">\n\t\t\t\t<h3 class=\"elementor-portfolio-item__title\">\n\t\t\u5723\u7279\u857e\u6cfd\u56fd\u5bb6\u5723\u6bbf\u535a\u7269\u9986\uff0c\u4f0a\u5229\u8bfa\u4f0a\u5dde\u8fbe\u91cc\u6069\t\t<\/h3>\n\t\t\t\t<\/div>\n\t\t\t\t<\/a>\n\t\t<\/article>\n\t\t\t\t<article class=\"elementor-portfolio-item elementor-post elementor-filter-19 elementor-filter-33 post-2882 post type-post status-publish format-standard has-post-thumbnail hentry category-new-jersey category-ministries\" role=\"listitem\">\n\t\t\t<a class=\"elementor-post__thumbnail__link\" href=\"https:\/\/carmelites.net\/zh\/ministries\/new-jersey\/st-cecilia-parish-englewood-nj\/\">\n\t\t\t\t<div class=\"elementor-portfolio-item__img elementor-post__thumbnail\">\n\t\t\t<img loading=\"lazy\" decoding=\"async\" width=\"300\" height=\"200\" src=\"https:\/\/carmelites.net\/wp-content\/uploads\/2021\/07\/st.cecilia-englewood-300x200.jpg\" class=\"attachment-medium size-medium wp-image-84\" alt=\"\" srcset=\"https:\/\/carmelites.net\/wp-content\/uploads\/2021\/07\/st.cecilia-englewood-300x200.jpg 300w, https:\/\/carmelites.net\/wp-content\/uploads\/2021\/07\/st.cecilia-englewood-200x133.jpg 200w, https:\/\/carmelites.net\/wp-content\/uploads\/2021\/07\/st.cecilia-englewood-400x267.jpg 400w, https:\/\/carmelites.net\/wp-content\/uploads\/2021\/07\/st.cecilia-englewood.jpg 432w\" sizes=\"auto, (max-width: 300px) 100vw, 300px\" \/>\t\t<\/div>\n\t\t\t\t<div class=\"elementor-portfolio-item__overlay\">\n\t\t\t\t<h3 class=\"elementor-portfolio-item__title\">\n\t\t\u65b0\u6cfd\u897f\u5dde\u6069\u683c\u5c14\u4f0d\u5fb7\u5723\u585e\u897f\u8389\u4e9a\u6559\u533a\t\t<\/h3>\n\t\t\t\t<\/div>\n\t\t\t\t<\/a>\n\t\t<\/article>\n\t\t\t\t<article class=\"elementor-portfolio-item elementor-post elementor-filter-24 elementor-filter-12 elementor-filter-33 post-10047 post type-post status-publish format-standard has-post-thumbnail hentry category-peru category-school category-ministries\" role=\"listitem\">\n\t\t\t<a class=\"elementor-post__thumbnail__link\" href=\"https:\/\/carmelites.net\/zh\/ministries\/school\/colegio-nuestra-senora-del-carmen-barranco\/\">\n\t\t\t\t<div class=\"elementor-portfolio-item__img elementor-post__thumbnail\">\n\t\t\t<img loading=\"lazy\" decoding=\"async\" width=\"300\" height=\"200\" src=\"https:\/\/carmelites.net\/wp-content\/uploads\/2021\/07\/colegio-salvador-barranco-300x200.jpg\" class=\"attachment-medium size-medium wp-image-144\" alt=\"\" srcset=\"https:\/\/carmelites.net\/wp-content\/uploads\/2021\/07\/colegio-salvador-barranco-300x200.jpg 300w, https:\/\/carmelites.net\/wp-content\/uploads\/2021\/07\/colegio-salvador-barranco-200x133.jpg 200w, https:\/\/carmelites.net\/wp-content\/uploads\/2021\/07\/colegio-salvador-barranco-400x267.jpg 400w, https:\/\/carmelites.net\/wp-content\/uploads\/2021\/07\/colegio-salvador-barranco.jpg 432w\" sizes=\"auto, (max-width: 300px) 100vw, 300px\" \/>\t\t<\/div>\n\t\t\t\t<div class=\"elementor-portfolio-item__overlay\">\n\t\t\t\t<h3 class=\"elementor-portfolio-item__title\">\n\t\t\u79d8\u9c81\u5df4\u5170\u79d1\u5361\u95e8\u5723\u6bcd\u5b66\u9662\t\t<\/h3>\n\t\t\t\t<\/div>\n\t\t\t\t<\/a>\n\t\t<\/article>\n\t\t\t\t<article class=\"elementor-portfolio-item elementor-post elementor-filter-14 elementor-filter-12 elementor-filter-33 post-2815 post type-post status-publish format-standard has-post-thumbnail hentry category-arizona category-school category-ministries\" role=\"listitem\">\n\t\t\t<a class=\"elementor-post__thumbnail__link\" href=\"https:\/\/carmelites.net\/zh\/ministries\/school\/salpointe-catholic-high-school-tucson-az\/\">\n\t\t\t\t<div class=\"elementor-portfolio-item__img elementor-post__thumbnail\">\n\t\t\t<img loading=\"lazy\" decoding=\"async\" width=\"300\" height=\"200\" src=\"https:\/\/carmelites.net\/wp-content\/uploads\/2021\/07\/salpointe-main-300x200.jpg\" class=\"attachment-medium size-medium wp-image-120\" alt=\"\" srcset=\"https:\/\/carmelites.net\/wp-content\/uploads\/2021\/07\/salpointe-main-300x200.jpg 300w, https:\/\/carmelites.net\/wp-content\/uploads\/2021\/07\/salpointe-main-200x133.jpg 200w, https:\/\/carmelites.net\/wp-content\/uploads\/2021\/07\/salpointe-main-400x267.jpg 400w, https:\/\/carmelites.net\/wp-content\/uploads\/2021\/07\/salpointe-main.jpg 432w\" sizes=\"auto, (max-width: 300px) 100vw, 300px\" \/>\t\t<\/div>\n\t\t\t\t<div class=\"elementor-portfolio-item__overlay\">\n\t\t\t\t<h3 class=\"elementor-portfolio-item__title\">\n\t\t\u4e9a\u5229\u6851\u90a3\u5dde\u56fe\u68ee Salpointe \u5929\u4e3b\u6559\u9ad8\u4e2d\t\t<\/h3>\n\t\t\t\t<\/div>\n\t\t\t\t<\/a>\n\t\t<\/article>\n\t\t\t\t<article class=\"elementor-portfolio-item elementor-post elementor-filter-22 elementor-filter-33 post-2946 post type-post status-publish format-standard has-post-thumbnail hentry category-honduras category-ministries\" role=\"listitem\">\n\t\t\t<a class=\"elementor-post__thumbnail__link\" href=\"https:\/\/carmelites.net\/zh\/ministries\/honduras\/parroquia-santa-lucia-martir-yamaranguila\/\">\n\t\t\t\t<div class=\"elementor-portfolio-item__img elementor-post__thumbnail\">\n\t\t\t<img loading=\"lazy\" decoding=\"async\" width=\"300\" height=\"200\" src=\"https:\/\/carmelites.net\/wp-content\/uploads\/2022\/07\/Carmelite-Parish-Honduras-300x200.jpg\" class=\"attachment-medium size-medium wp-image-1353\" alt=\"\" srcset=\"https:\/\/carmelites.net\/wp-content\/uploads\/2022\/07\/Carmelite-Parish-Honduras-300x200.jpg 300w, https:\/\/carmelites.net\/wp-content\/uploads\/2022\/07\/Carmelite-Parish-Honduras-18x12.jpg 18w, https:\/\/carmelites.net\/wp-content\/uploads\/2022\/07\/Carmelite-Parish-Honduras-200x133.jpg 200w, https:\/\/carmelites.net\/wp-content\/uploads\/2022\/07\/Carmelite-Parish-Honduras-400x266.jpg 400w, https:\/\/carmelites.net\/wp-content\/uploads\/2022\/07\/Carmelite-Parish-Honduras-600x400.jpg 600w, https:\/\/carmelites.net\/wp-content\/uploads\/2022\/07\/Carmelite-Parish-Honduras.jpg 752w\" sizes=\"auto, (max-width: 300px) 100vw, 300px\" \/>\t\t<\/div>\n\t\t\t\t<div class=\"elementor-portfolio-item__overlay\">\n\t\t\t\t<h3 class=\"elementor-portfolio-item__title\">\n\t\t\u6d2a\u90fd\u62c9\u65af\u56e0\u8482\u5e03\u5361\u4e9a\u9a6c\u5170\u53e4\u62c9\u5723\u9732\u897f\u4e9a-\u9a6c\u5c14\u8482\u5c14\u5802\u533a\t\t<\/h3>\n\t\t\t\t<\/div>\n\t\t\t\t<\/a>\n\t\t<\/article>\n\t\t\t\t<article class=\"elementor-portfolio-item elementor-post elementor-filter-21 elementor-filter-33 post-2931 post type-post status-publish format-standard has-post-thumbnail hentry category-el-salvador category-ministries\" role=\"listitem\">\n\t\t\t<a class=\"elementor-post__thumbnail__link\" href=\"https:\/\/carmelites.net\/zh\/ministries\/el-salvador\/casa-san-alberto-de-jerusalen-huizucar\/\">\n\t\t\t\t<div class=\"elementor-portfolio-item__img elementor-post__thumbnail\">\n\t\t\t<img loading=\"lazy\" decoding=\"async\" width=\"300\" height=\"200\" src=\"https:\/\/carmelites.net\/wp-content\/uploads\/2021\/07\/san-alberto-300x200.jpg\" class=\"attachment-medium size-medium wp-image-161\" alt=\"\" srcset=\"https:\/\/carmelites.net\/wp-content\/uploads\/2021\/07\/san-alberto-300x200.jpg 300w, https:\/\/carmelites.net\/wp-content\/uploads\/2021\/07\/san-alberto-200x133.jpg 200w, https:\/\/carmelites.net\/wp-content\/uploads\/2021\/07\/san-alberto-400x267.jpg 400w, https:\/\/carmelites.net\/wp-content\/uploads\/2021\/07\/san-alberto.jpg 432w\" sizes=\"auto, (max-width: 300px) 100vw, 300px\" \/>\t\t<\/div>\n\t\t\t\t<div class=\"elementor-portfolio-item__overlay\">\n\t\t\t\t<h3 class=\"elementor-portfolio-item__title\">\n\t\tCasa San Alberto de Jerusal\u00e9n\uff0c\u8428\u5c14\u74e6\u591a\u5a01\u82cf\u5361\u5c14\t\t<\/h3>\n\t\t\t\t<\/div>\n\t\t\t\t<\/a>\n\t\t<\/article>\n\t\t\t\t<article class=\"elementor-portfolio-item elementor-post elementor-filter-21 elementor-filter-33 post-2941 post type-post status-publish format-standard has-post-thumbnail hentry category-el-salvador category-ministries\" role=\"listitem\">\n\t\t\t<a class=\"elementor-post__thumbnail__link\" href=\"https:\/\/carmelites.net\/zh\/ministries\/el-salvador\/parroquia-nuestra-senora-de-lourdes-ciudad-delgado\/\">\n\t\t\t\t<div class=\"elementor-portfolio-item__img elementor-post__thumbnail\">\n\t\t\t<img loading=\"lazy\" decoding=\"async\" width=\"300\" height=\"200\" src=\"https:\/\/carmelites.net\/wp-content\/uploads\/2021\/07\/lourdes-1-300x200.jpg\" class=\"attachment-medium size-medium wp-image-162\" alt=\"\" srcset=\"https:\/\/carmelites.net\/wp-content\/uploads\/2021\/07\/lourdes-1-300x200.jpg 300w, https:\/\/carmelites.net\/wp-content\/uploads\/2021\/07\/lourdes-1-200x133.jpg 200w, https:\/\/carmelites.net\/wp-content\/uploads\/2021\/07\/lourdes-1-400x267.jpg 400w, https:\/\/carmelites.net\/wp-content\/uploads\/2021\/07\/lourdes-1.jpg 432w\" sizes=\"auto, (max-width: 300px) 100vw, 300px\" \/>\t\t<\/div>\n\t\t\t\t<div class=\"elementor-portfolio-item__overlay\">\n\t\t\t\t<h3 class=\"elementor-portfolio-item__title\">\n\t\t\u8428\u5c14\u74e6\u591a\u5fb7\u5c14\u52a0\u591a\u57ce\u5362\u5c14\u5fb7\u5723\u6bcd\u5802\u533a\t\t<\/h3>\n\t\t\t\t<\/div>\n\t\t\t\t<\/a>\n\t\t<\/article>\n\t\t\t\t<article class=\"elementor-portfolio-item elementor-post elementor-filter-20 elementor-filter-33 post-2893 post type-post status-publish format-standard has-post-thumbnail hentry category-kansas category-ministries\" role=\"listitem\">\n\t\t\t<a class=\"elementor-post__thumbnail__link\" href=\"https:\/\/carmelites.net\/zh\/ministries\/kansas\/saint-joseph-church-leavenworth-ks\/\">\n\t\t\t\t<div class=\"elementor-portfolio-item__img elementor-post__thumbnail\">\n\t\t\t<img loading=\"lazy\" decoding=\"async\" width=\"300\" height=\"200\" src=\"https:\/\/carmelites.net\/wp-content\/uploads\/2021\/07\/st-joseph-300x200.jpg\" class=\"attachment-medium size-medium wp-image-109\" alt=\"\" srcset=\"https:\/\/carmelites.net\/wp-content\/uploads\/2021\/07\/st-joseph-300x200.jpg 300w, https:\/\/carmelites.net\/wp-content\/uploads\/2021\/07\/st-joseph-200x133.jpg 200w, https:\/\/carmelites.net\/wp-content\/uploads\/2021\/07\/st-joseph-400x267.jpg 400w, https:\/\/carmelites.net\/wp-content\/uploads\/2021\/07\/st-joseph.jpg 432w\" sizes=\"auto, (max-width: 300px) 100vw, 300px\" \/>\t\t<\/div>\n\t\t\t\t<div class=\"elementor-portfolio-item__overlay\">\n\t\t\t\t<h3 class=\"elementor-portfolio-item__title\">\n\t\t\u5723\u7ea6\u745f\u592b\u6559\u5802\uff0c\u80af\u8428\u65af\u5dde\u83b1\u6587\u6c83\u601d\t\t<\/h3>\n\t\t\t\t<\/div>\n\t\t\t\t<\/a>\n\t\t<\/article>\n\t\t\t\t<article class=\"elementor-portfolio-item elementor-post elementor-filter-24 elementor-filter-33 post-9753 post type-post status-publish format-standard has-post-thumbnail hentry category-peru category-ministries\" role=\"listitem\">\n\t\t\t<a class=\"elementor-post__thumbnail__link\" href=\"https:\/\/carmelites.net\/zh\/ministries\/peru\/parroquia-nuestra-senora-del-carmen-jose-galvez\/\">\n\t\t\t\t<div class=\"elementor-portfolio-item__img elementor-post__thumbnail\">\n\t\t\t<img loading=\"lazy\" decoding=\"async\" width=\"300\" height=\"200\" src=\"https:\/\/carmelites.net\/wp-content\/uploads\/2021\/07\/olmc-josegalvez-300x200.jpg\" class=\"attachment-medium size-medium wp-image-148\" alt=\"\" srcset=\"https:\/\/carmelites.net\/wp-content\/uploads\/2021\/07\/olmc-josegalvez-300x200.jpg 300w, https:\/\/carmelites.net\/wp-content\/uploads\/2021\/07\/olmc-josegalvez-200x133.jpg 200w, https:\/\/carmelites.net\/wp-content\/uploads\/2021\/07\/olmc-josegalvez-400x267.jpg 400w, https:\/\/carmelites.net\/wp-content\/uploads\/2021\/07\/olmc-josegalvez.jpg 432w\" sizes=\"auto, (max-width: 300px) 100vw, 300px\" \/>\t\t<\/div>\n\t\t\t\t<div class=\"elementor-portfolio-item__overlay\">\n\t\t\t\t<h3 class=\"elementor-portfolio-item__title\">\n\t\t\u79d8\u9c81\uff0c\u4f55\u585e-\u52a0\u5c14\u97e6\u65af\uff0c\u5361\u95e8\u5723\u6bcd\u5802\u533a\t\t<\/h3>\n\t\t\t\t<\/div>\n\t\t\t\t<\/a>\n\t\t<\/article>\n\t\t\t\t<article class=\"elementor-portfolio-item elementor-post elementor-filter-20 elementor-filter-33 post-2915 post type-post status-publish format-standard has-post-thumbnail hentry category-kansas category-ministries\" role=\"listitem\">\n\t\t\t<a class=\"elementor-post__thumbnail__link\" href=\"https:\/\/carmelites.net\/zh\/ministries\/kansas\/saint-therese-parish-richmond-ks\/\">\n\t\t\t\t<div class=\"elementor-portfolio-item__img elementor-post__thumbnail\">\n\t\t\t<img loading=\"lazy\" decoding=\"async\" width=\"300\" height=\"200\" src=\"https:\/\/carmelites.net\/wp-content\/uploads\/2021\/07\/richmond-5-300x200.jpg\" class=\"attachment-medium size-medium wp-image-116\" alt=\"\" srcset=\"https:\/\/carmelites.net\/wp-content\/uploads\/2021\/07\/richmond-5-300x200.jpg 300w, https:\/\/carmelites.net\/wp-content\/uploads\/2021\/07\/richmond-5-200x133.jpg 200w, https:\/\/carmelites.net\/wp-content\/uploads\/2021\/07\/richmond-5-400x267.jpg 400w, https:\/\/carmelites.net\/wp-content\/uploads\/2021\/07\/richmond-5.jpg 432w\" sizes=\"auto, (max-width: 300px) 100vw, 300px\" \/>\t\t<\/div>\n\t\t\t\t<div class=\"elementor-portfolio-item__overlay\">\n\t\t\t\t<h3 class=\"elementor-portfolio-item__title\">\n\t\t\u5723\u7279\u857e\u838e\u6559\u533a\uff0c\u91cc\u58eb\u6ee1\uff0c\u582a\u8428\u65af\u5dde\t\t<\/h3>\n\t\t\t\t<\/div>\n\t\t\t\t<\/a>\n\t\t<\/article>\n\t\t\t\t<article class=\"elementor-portfolio-item elementor-post elementor-filter-18 elementor-filter-11 elementor-filter-33 post-2857 post type-post status-publish format-standard has-post-thumbnail hentry category-canada category-provincial category-ministries\" role=\"listitem\">\n\t\t\t<a class=\"elementor-post__thumbnail__link\" href=\"https:\/\/carmelites.net\/zh\/ministries\/provincial\/mount-carmel-spiritual-centre-niagara-falls\/\">\n\t\t\t\t<div class=\"elementor-portfolio-item__img elementor-post__thumbnail\">\n\t\t\t<img loading=\"lazy\" decoding=\"async\" width=\"300\" height=\"200\" src=\"https:\/\/carmelites.net\/wp-content\/uploads\/2021\/07\/niagara-centre-front-1-300x200.jpg\" class=\"attachment-medium size-medium wp-image-134\" alt=\"\" srcset=\"https:\/\/carmelites.net\/wp-content\/uploads\/2021\/07\/niagara-centre-front-1-300x200.jpg 300w, https:\/\/carmelites.net\/wp-content\/uploads\/2021\/07\/niagara-centre-front-1-200x133.jpg 200w, https:\/\/carmelites.net\/wp-content\/uploads\/2021\/07\/niagara-centre-front-1-400x267.jpg 400w, https:\/\/carmelites.net\/wp-content\/uploads\/2021\/07\/niagara-centre-front-1.jpg 432w\" sizes=\"auto, (max-width: 300px) 100vw, 300px\" \/>\t\t<\/div>\n\t\t\t\t<div class=\"elementor-portfolio-item__overlay\">\n\t\t\t\t<h3 class=\"elementor-portfolio-item__title\">\n\t\t\u52a0\u62ff\u5927\u5b89\u5927\u7565\u7701\u5c3c\u4e9a\u52a0\u62c9\u7011\u5e03\u5361\u6885\u5c14\u5c71\u7cbe\u795e\u4e2d\u5fc3\t\t<\/h3>\n\t\t\t\t<\/div>\n\t\t\t\t<\/a>\n\t\t<\/article>\n\t\t\t\t<article class=\"elementor-portfolio-item elementor-post elementor-filter-23 elementor-filter-33 post-2956 post type-post status-publish format-standard has-post-thumbnail hentry category-mexico category-ministries\" role=\"listitem\">\n\t\t\t<a class=\"elementor-post__thumbnail__link\" href=\"https:\/\/carmelites.net\/zh\/ministries\/mexico\/casa-del-carmen-tlalpan-mexico-city\/\">\n\t\t\t\t<div class=\"elementor-portfolio-item__img elementor-post__thumbnail\">\n\t\t\t<img loading=\"lazy\" decoding=\"async\" width=\"300\" height=\"200\" src=\"https:\/\/carmelites.net\/wp-content\/uploads\/2021\/07\/mexico-city-chapel-300x200.jpg\" class=\"attachment-medium size-medium wp-image-158\" alt=\"\" srcset=\"https:\/\/carmelites.net\/wp-content\/uploads\/2021\/07\/mexico-city-chapel-300x200.jpg 300w, https:\/\/carmelites.net\/wp-content\/uploads\/2021\/07\/mexico-city-chapel-200x133.jpg 200w, https:\/\/carmelites.net\/wp-content\/uploads\/2021\/07\/mexico-city-chapel-400x267.jpg 400w, https:\/\/carmelites.net\/wp-content\/uploads\/2021\/07\/mexico-city-chapel.jpg 432w\" sizes=\"auto, (max-width: 300px) 100vw, 300px\" \/>\t\t<\/div>\n\t\t\t\t<div class=\"elementor-portfolio-item__overlay\">\n\t\t\t\t<h3 class=\"elementor-portfolio-item__title\">\n\t\t\u58a8\u897f\u54e5\u57ce\u7279\u62c9\u5c14\u6f58\u5361\u95e8\u4e4b\u5bb6\t\t<\/h3>\n\t\t\t\t<\/div>\n\t\t\t\t<\/a>\n\t\t<\/article>\n\t\t\t\t<article class=\"elementor-portfolio-item elementor-post elementor-filter-10 elementor-filter-11 elementor-filter-33 post-2601 post type-post status-publish format-standard has-post-thumbnail hentry category-illinois category-provincial category-ministries\" role=\"listitem\">\n\t\t\t<a class=\"elementor-post__thumbnail__link\" href=\"https:\/\/carmelites.net\/zh\/ministries\/illinois\/carmelite-spiritual-center-darien-il\/\">\n\t\t\t\t<div class=\"elementor-portfolio-item__img elementor-post__thumbnail\">\n\t\t\t<img loading=\"lazy\" decoding=\"async\" width=\"300\" height=\"200\" src=\"https:\/\/carmelites.net\/wp-content\/uploads\/2021\/07\/carm-spir-cntr-1-300x200.jpg\" class=\"attachment-medium size-medium wp-image-104\" alt=\"\" srcset=\"https:\/\/carmelites.net\/wp-content\/uploads\/2021\/07\/carm-spir-cntr-1-300x200.jpg 300w, https:\/\/carmelites.net\/wp-content\/uploads\/2021\/07\/carm-spir-cntr-1-768x512.jpg 768w, https:\/\/carmelites.net\/wp-content\/uploads\/2021\/07\/carm-spir-cntr-1-200x133.jpg 200w, https:\/\/carmelites.net\/wp-content\/uploads\/2021\/07\/carm-spir-cntr-1-400x267.jpg 400w, https:\/\/carmelites.net\/wp-content\/uploads\/2021\/07\/carm-spir-cntr-1-600x400.jpg 600w, https:\/\/carmelites.net\/wp-content\/uploads\/2021\/07\/carm-spir-cntr-1-800x533.jpg 800w, https:\/\/carmelites.net\/wp-content\/uploads\/2021\/07\/carm-spir-cntr-1.jpg 900w\" sizes=\"auto, (max-width: 300px) 100vw, 300px\" \/>\t\t<\/div>\n\t\t\t\t<div class=\"elementor-portfolio-item__overlay\">\n\t\t\t\t<h3 class=\"elementor-portfolio-item__title\">\n\t\t\u5361\u6885\u5c14\u7cbe\u795e\u4e2d\u5fc3\uff0c\u4f0a\u5229\u8bfa\u4f0a\u5dde\u8fbe\u91cc\u6069\t\t<\/h3>\n\t\t\t\t<\/div>\n\t\t\t\t<\/a>\n\t\t<\/article>\n\t\t\t\t<article class=\"elementor-portfolio-item elementor-post elementor-filter-20 elementor-filter-33 post-2920 post type-post status-publish format-standard has-post-thumbnail hentry category-kansas category-ministries\" role=\"listitem\">\n\t\t\t<a class=\"elementor-post__thumbnail__link\" href=\"https:\/\/carmelites.net\/zh\/ministries\/kansas\/saint-boniface-parish-scipio-ks\/\">\n\t\t\t\t<div class=\"elementor-portfolio-item__img elementor-post__thumbnail\">\n\t\t\t<img loading=\"lazy\" decoding=\"async\" width=\"300\" height=\"200\" src=\"https:\/\/carmelites.net\/wp-content\/uploads\/2021\/07\/scipio-1-300x200.jpg\" class=\"attachment-medium size-medium wp-image-113\" alt=\"\" srcset=\"https:\/\/carmelites.net\/wp-content\/uploads\/2021\/07\/scipio-1-300x200.jpg 300w, https:\/\/carmelites.net\/wp-content\/uploads\/2021\/07\/scipio-1-200x133.jpg 200w, https:\/\/carmelites.net\/wp-content\/uploads\/2021\/07\/scipio-1-400x267.jpg 400w, https:\/\/carmelites.net\/wp-content\/uploads\/2021\/07\/scipio-1.jpg 432w\" sizes=\"auto, (max-width: 300px) 100vw, 300px\" \/>\t\t<\/div>\n\t\t\t\t<div class=\"elementor-portfolio-item__overlay\">\n\t\t\t\t<h3 class=\"elementor-portfolio-item__title\">\n\t\t\u5723\u535a\u5c3c\u6cd5\u65af\u6559\u533a\uff0c\u582a\u8428\u65af\u5dde\uff0c\u897f\u76ae\u5965\t\t<\/h3>\n\t\t\t\t<\/div>\n\t\t\t\t<\/a>\n\t\t<\/article>\n\t\t\t\t<article class=\"elementor-portfolio-item elementor-post elementor-filter-20 elementor-filter-33 post-2925 post type-post status-publish format-standard has-post-thumbnail hentry category-kansas category-ministries\" role=\"listitem\">\n\t\t\t<a class=\"elementor-post__thumbnail__link\" href=\"https:\/\/carmelites.net\/zh\/ministries\/kansas\/elijahs-rest-retreat-ministry-scipio-ks\/\">\n\t\t\t\t<div class=\"elementor-portfolio-item__img elementor-post__thumbnail\">\n\t\t\t<img loading=\"lazy\" decoding=\"async\" width=\"300\" height=\"200\" src=\"https:\/\/carmelites.net\/wp-content\/uploads\/2021\/07\/elijahs-rest-300x200.jpg\" class=\"attachment-medium size-medium wp-image-118\" alt=\"\" srcset=\"https:\/\/carmelites.net\/wp-content\/uploads\/2021\/07\/elijahs-rest-300x200.jpg 300w, https:\/\/carmelites.net\/wp-content\/uploads\/2021\/07\/elijahs-rest-200x133.jpg 200w, https:\/\/carmelites.net\/wp-content\/uploads\/2021\/07\/elijahs-rest-400x267.jpg 400w, https:\/\/carmelites.net\/wp-content\/uploads\/2021\/07\/elijahs-rest.jpg 432w\" sizes=\"auto, (max-width: 300px) 100vw, 300px\" \/>\t\t<\/div>\n\t\t\t\t<div class=\"elementor-portfolio-item__overlay\">\n\t\t\t\t<h3 class=\"elementor-portfolio-item__title\">\n\t\t\u4ee5\u5229\u4e9a\u7684\u5b89\u606f\u9000\u4fee\u4f1a\uff0c\u80af\u8428\u65af\u5dde\uff0c\u897f\u76ae\u5965\t\t<\/h3>\n\t\t\t\t<\/div>\n\t\t\t\t<\/a>\n\t\t<\/article>\n\t\t\t\t<article class=\"elementor-portfolio-item elementor-post elementor-filter-24 elementor-filter-33 post-9820 post type-post status-publish format-standard has-post-thumbnail hentry category-peru category-ministries\" role=\"listitem\">\n\t\t\t<a class=\"elementor-post__thumbnail__link\" href=\"https:\/\/carmelites.net\/zh\/ministries\/peru\/parroquia-nuestra-senora-del-carmen-miraflores\/\">\n\t\t\t\t<div class=\"elementor-portfolio-item__img elementor-post__thumbnail\">\n\t\t\t<img loading=\"lazy\" decoding=\"async\" width=\"300\" height=\"200\" src=\"https:\/\/carmelites.net\/wp-content\/uploads\/2021\/07\/olmc-miraflores-1-300x200.jpg\" class=\"attachment-medium size-medium wp-image-140\" alt=\"\" srcset=\"https:\/\/carmelites.net\/wp-content\/uploads\/2021\/07\/olmc-miraflores-1-300x200.jpg 300w, https:\/\/carmelites.net\/wp-content\/uploads\/2021\/07\/olmc-miraflores-1-200x133.jpg 200w, https:\/\/carmelites.net\/wp-content\/uploads\/2021\/07\/olmc-miraflores-1-400x267.jpg 400w, https:\/\/carmelites.net\/wp-content\/uploads\/2021\/07\/olmc-miraflores-1.jpg 432w\" sizes=\"auto, (max-width: 300px) 100vw, 300px\" \/>\t\t<\/div>\n\t\t\t\t<div class=\"elementor-portfolio-item__overlay\">\n\t\t\t\t<h3 class=\"elementor-portfolio-item__title\">\n\t\t\u79d8\u9c81\u7c73\u62c9\u5f17\u6d1b\u96f7\u65af\u5361\u95e8\u5723\u6bcd\u5802\u533a\t\t<\/h3>\n\t\t\t\t<\/div>\n\t\t\t\t<\/a>\n\t\t<\/article>\n\t\t\t\t<article class=\"elementor-portfolio-item elementor-post elementor-filter-10 elementor-filter-25 elementor-filter-33 post-11086 post type-post status-publish format-standard has-post-thumbnail hentry category-illinois category-resources category-ministries\" role=\"listitem\">\n\t\t\t<a class=\"elementor-post__thumbnail__link\" href=\"https:\/\/carmelites.net\/zh\/ministries\/illinois\/carmelite-gift-shop-darien-il\/\">\n\t\t\t\t<div class=\"elementor-portfolio-item__img elementor-post__thumbnail\">\n\t\t\t<img loading=\"lazy\" decoding=\"async\" width=\"300\" height=\"139\" src=\"https:\/\/carmelites.net\/wp-content\/uploads\/2024\/05\/Screenshot-2024-05-13-at-8.06.50\u202fPM-300x139.png\" class=\"attachment-medium size-medium wp-image-11088\" alt=\"\" srcset=\"https:\/\/carmelites.net\/wp-content\/uploads\/2024\/05\/Screenshot-2024-05-13-at-8.06.50\u202fPM-300x139.png 300w, https:\/\/carmelites.net\/wp-content\/uploads\/2024\/05\/Screenshot-2024-05-13-at-8.06.50\u202fPM-1024x474.png 1024w, https:\/\/carmelites.net\/wp-content\/uploads\/2024\/05\/Screenshot-2024-05-13-at-8.06.50\u202fPM-768x356.png 768w, https:\/\/carmelites.net\/wp-content\/uploads\/2024\/05\/Screenshot-2024-05-13-at-8.06.50\u202fPM.png 1144w\" sizes=\"auto, (max-width: 300px) 100vw, 300px\" \/>\t\t<\/div>\n\t\t\t\t<div class=\"elementor-portfolio-item__overlay\">\n\t\t\t\t<h3 class=\"elementor-portfolio-item__title\">\n\t\t\u5361\u6885\u5c14\u793c\u54c1\u5e97\uff0c\u4f0a\u5229\u8bfa\u4f0a\u5dde\u8fbe\u91cc\u6069\t\t<\/h3>\n\t\t\t\t<\/div>\n\t\t\t\t<\/a>\n\t\t<\/article>\n\t\t\t\t<article class=\"elementor-portfolio-item elementor-post elementor-filter-10 elementor-filter-33 post-2687 post type-post status-publish format-standard has-post-thumbnail hentry category-illinois category-ministries\" role=\"listitem\">\n\t\t\t<a class=\"elementor-post__thumbnail__link\" href=\"https:\/\/carmelites.net\/zh\/ministries\/illinois\/our-lady-of-mount-carmel-parish-joliet-il\/\">\n\t\t\t\t<div class=\"elementor-portfolio-item__img elementor-post__thumbnail\">\n\t\t\t<img loading=\"lazy\" decoding=\"async\" width=\"300\" height=\"200\" src=\"https:\/\/carmelites.net\/wp-content\/uploads\/2021\/07\/olmc-joliet-1-300x200.jpg\" class=\"attachment-medium size-medium wp-image-98\" alt=\"\" srcset=\"https:\/\/carmelites.net\/wp-content\/uploads\/2021\/07\/olmc-joliet-1-300x200.jpg 300w, https:\/\/carmelites.net\/wp-content\/uploads\/2021\/07\/olmc-joliet-1-768x512.jpg 768w, https:\/\/carmelites.net\/wp-content\/uploads\/2021\/07\/olmc-joliet-1-200x133.jpg 200w, https:\/\/carmelites.net\/wp-content\/uploads\/2021\/07\/olmc-joliet-1-400x267.jpg 400w, https:\/\/carmelites.net\/wp-content\/uploads\/2021\/07\/olmc-joliet-1-600x400.jpg 600w, https:\/\/carmelites.net\/wp-content\/uploads\/2021\/07\/olmc-joliet-1-800x533.jpg 800w, https:\/\/carmelites.net\/wp-content\/uploads\/2021\/07\/olmc-joliet-1.jpg 900w\" sizes=\"auto, (max-width: 300px) 100vw, 300px\" \/>\t\t<\/div>\n\t\t\t\t<div class=\"elementor-portfolio-item__overlay\">\n\t\t\t\t<h3 class=\"elementor-portfolio-item__title\">\n\t\t\u4f0a\u5229\u8bfa\u4f0a\u5dde\u4e54\u5229\u7279\u5361\u6885\u5c14\u5c71\u5723\u6bcd\u5802\u533a\t\t<\/h3>\n\t\t\t\t<\/div>\n\t\t\t\t<\/a>\n\t\t<\/article>\n\t\t\t\t<article class=\"elementor-portfolio-item elementor-post elementor-filter-19 elementor-filter-33 post-2888 post type-post status-publish format-standard has-post-thumbnail hentry category-new-jersey category-ministries\" role=\"listitem\">\n\t\t\t<a class=\"elementor-post__thumbnail__link\" href=\"https:\/\/carmelites.net\/zh\/ministries\/new-jersey\/our-lady-of-mount-carmel-parish-tenafly-nj\/\">\n\t\t\t\t<div class=\"elementor-portfolio-item__img elementor-post__thumbnail\">\n\t\t\t<img loading=\"lazy\" decoding=\"async\" width=\"300\" height=\"200\" src=\"https:\/\/carmelites.net\/wp-content\/uploads\/2021\/07\/tenafly-02-300x200.jpg\" class=\"attachment-medium size-medium wp-image-81\" alt=\"\" srcset=\"https:\/\/carmelites.net\/wp-content\/uploads\/2021\/07\/tenafly-02-300x200.jpg 300w, https:\/\/carmelites.net\/wp-content\/uploads\/2021\/07\/tenafly-02-200x133.jpg 200w, https:\/\/carmelites.net\/wp-content\/uploads\/2021\/07\/tenafly-02-400x267.jpg 400w, https:\/\/carmelites.net\/wp-content\/uploads\/2021\/07\/tenafly-02.jpg 432w\" sizes=\"auto, (max-width: 300px) 100vw, 300px\" \/>\t\t<\/div>\n\t\t\t\t<div class=\"elementor-portfolio-item__overlay\">\n\t\t\t\t<h3 class=\"elementor-portfolio-item__title\">\n\t\t\u65b0\u6cfd\u897f\u5dde\u7279\u7eb3\u5f17\u5229\u5361\u6885\u5c14\u5c71\u5723\u6bcd\u5802\u533a\t\t<\/h3>\n\t\t\t\t<\/div>\n\t\t\t\t<\/a>\n\t\t<\/article>\n\t\t\t\t<article class=\"elementor-portfolio-item elementor-post elementor-filter-21 elementor-filter-33 post-2936 post type-post status-publish format-standard has-post-thumbnail hentry category-el-salvador category-ministries\" role=\"listitem\">\n\t\t\t<a class=\"elementor-post__thumbnail__link\" href=\"https:\/\/carmelites.net\/zh\/ministries\/el-salvador\/centro-xiberta-ciudad-delgado\/\">\n\t\t\t\t<div class=\"elementor-portfolio-item__img elementor-post__thumbnail\">\n\t\t\t<img loading=\"lazy\" decoding=\"async\" width=\"300\" height=\"200\" src=\"https:\/\/carmelites.net\/wp-content\/uploads\/2021\/07\/Xiberta-01-300x200.jpg\" class=\"attachment-medium size-medium wp-image-160\" alt=\"\" srcset=\"https:\/\/carmelites.net\/wp-content\/uploads\/2021\/07\/Xiberta-01-300x200.jpg 300w, https:\/\/carmelites.net\/wp-content\/uploads\/2021\/07\/Xiberta-01-200x133.jpg 200w, https:\/\/carmelites.net\/wp-content\/uploads\/2021\/07\/Xiberta-01-400x267.jpg 400w, https:\/\/carmelites.net\/wp-content\/uploads\/2021\/07\/Xiberta-01.jpg 432w\" sizes=\"auto, (max-width: 300px) 100vw, 300px\" \/>\t\t<\/div>\n\t\t\t\t<div class=\"elementor-portfolio-item__overlay\">\n\t\t\t\t<h3 class=\"elementor-portfolio-item__title\">\n\t\t\u8428\u5c14\u74e6\u591a\u5fb7\u5c14\u52a0\u591a\u57ce\u897f\u8d1d\u5c14\u5854\u4e2d\u5fc3\t\t<\/h3>\n\t\t\t\t<\/div>\n\t\t\t\t<\/a>\n\t\t<\/article>\n\t\t\t\t<article class=\"elementor-portfolio-item elementor-post elementor-filter-10 elementor-filter-12 elementor-filter-33 post-2782 post type-post status-publish format-standard has-post-thumbnail hentry category-illinois category-school category-ministries\" role=\"listitem\">\n\t\t\t<a class=\"elementor-post__thumbnail__link\" href=\"https:\/\/carmelites.net\/zh\/ministries\/illinois\/carmel-catholic-high-school-mundelein-il\/\">\n\t\t\t\t<div class=\"elementor-portfolio-item__img elementor-post__thumbnail\">\n\t\t\t<img loading=\"lazy\" decoding=\"async\" width=\"300\" height=\"200\" src=\"https:\/\/carmelites.net\/wp-content\/uploads\/2021\/07\/carmel-catholic-2-300x200.jpg\" class=\"attachment-medium size-medium wp-image-93\" alt=\"\" srcset=\"https:\/\/carmelites.net\/wp-content\/uploads\/2021\/07\/carmel-catholic-2-300x200.jpg 300w, https:\/\/carmelites.net\/wp-content\/uploads\/2021\/07\/carmel-catholic-2-768x512.jpg 768w, https:\/\/carmelites.net\/wp-content\/uploads\/2021\/07\/carmel-catholic-2-200x133.jpg 200w, https:\/\/carmelites.net\/wp-content\/uploads\/2021\/07\/carmel-catholic-2-400x267.jpg 400w, https:\/\/carmelites.net\/wp-content\/uploads\/2021\/07\/carmel-catholic-2-600x400.jpg 600w, https:\/\/carmelites.net\/wp-content\/uploads\/2021\/07\/carmel-catholic-2-800x533.jpg 800w, https:\/\/carmelites.net\/wp-content\/uploads\/2021\/07\/carmel-catholic-2.jpg 900w\" sizes=\"auto, (max-width: 300px) 100vw, 300px\" \/>\t\t<\/div>\n\t\t\t\t<div class=\"elementor-portfolio-item__overlay\">\n\t\t\t\t<h3 class=\"elementor-portfolio-item__title\">\n\t\t\u4f0a\u5229\u8bfa\u4f0a\u5dde\u8499\u5fb7\u6797\u5361\u6885\u5c14\u5929\u4e3b\u6559\u9ad8\u4e2d\t\t<\/h3>\n\t\t\t\t<\/div>\n\t\t\t\t<\/a>\n\t\t<\/article>\n\t\t\t\t<\/div>\n\t\t\t\t\t\t<\/div>\n\t\t\t\t<\/div>\n\t\t\t\t\t<\/div>\n\t\t\t\t<\/div>\n\t\t\t\t<\/div>","protected":false},"excerpt":{"rendered":"<p>MINISTRIES The Carmelite friars of the Most Pure Heart of Mary Province serve in twenty parishes, eight high schools, and three retreat houses in four countries of the Americas\u00a0\u2013 the [&hellip;]<\/p>\n","protected":false},"author":1,"featured_media":0,"parent":0,"menu_order":0,"comment_status":"closed","ping_status":"closed","template":"","meta":{"rs_blank_template":"","rs_page_bg_color":"","slide_template_v7":"","_analytify_skip_tracking":false,"footnotes":""},"class_list":["post-18","page","type-page","status-publish","hentry"],"aioseo_notices":[],"_links":{"self":[{"href":"https:\/\/carmelites.net\/zh\/wp-json\/wp\/v2\/pages\/18","targetHints":{"allow":["GET"]}}],"collection":[{"href":"https:\/\/carmelites.net\/zh\/wp-json\/wp\/v2\/pages"}],"about":[{"href":"https:\/\/carmelites.net\/zh\/wp-json\/wp\/v2\/types\/page"}],"author":[{"embeddable":true,"href":"https:\/\/carmelites.net\/zh\/wp-json\/wp\/v2\/users\/1"}],"replies":[{"embeddable":true,"href":"https:\/\/carmelites.net\/zh\/wp-json\/wp\/v2\/comments?post=18"}],"version-history":[{"count":103,"href":"https:\/\/carmelites.net\/zh\/wp-json\/wp\/v2\/pages\/18\/revisions"}],"predecessor-version":[{"id":23777,"href":"https:\/\/carmelites.net\/zh\/wp-json\/wp\/v2\/pages\/18\/revisions\/23777"}],"wp:attachment":[{"href":"https:\/\/carmelites.net\/zh\/wp-json\/wp\/v2\/media?parent=18"}],"curies":[{"name":"wp","href":"https:\/\/api.w.org\/{rel}","templated":true}]}}